{"id":5894,"date":"2025-03-05T09:54:08","date_gmt":"2025-03-05T07:54:08","guid":{"rendered":"https:\/\/sennse-hotel.ro\/tagungsraeume\/"},"modified":"2025-06-17T09:17:59","modified_gmt":"2025-06-17T07:17:59","slug":"tagungsraeume","status":"publish","type":"page","link":"https:\/\/sennse-hotel.ro\/de\/tagungsraeume\/","title":{"rendered":"Tagungsr\u00e4ume"},"content":{"rendered":"\t\t<div data-elementor-type=\"wp-page\" data-elementor-id=\"5894\" class=\"elementor elementor-5894 elementor-4118\">\n\t\t\t\t<div class=\"elementor-element elementor-element-2bfff96f e-con-full e-flex e-con e-parent\" data-id=\"2bfff96f\" data-element_type=\"container\" data-settings=\"{&quot;background_background&quot;:&quot;classic&quot;}\">\n\t\t\t\t<div class=\"elementor-element elementor-element-3232adc3 elementor-widget elementor-widget-patara-banner-image\" data-id=\"3232adc3\" data-element_type=\"widget\" data-widget_type=\"patara-banner-image.default\">\n\t\t\t\t<div class=\"elementor-widget-container\">\n\t\t\t\t\t\t\t\n\t<!-- Header Banner -->\n\t<header class=\"header\">\n\n\t\t\t\t<div class=\"banner-header full-height valign bg-img bg-fixed text-center\" data-overlay-dark=\"6\" data-background=\"https:\/\/sennse-hotel.ro\/wp-content\/uploads\/2025\/06\/image001.webp\">\n\t\t\t\t\t\t\t\t\t\t\t\t<div class=\"container\">\n\t\t\t\t\t<div class=\"row\">\n\t\t\t\t\t\t<div class=\"col-md-12 offset-0\">\n\t\t\t\t\t\t\t<div class=\"caption\">\n\n\t\t\t\t\t\t\t\t\t\t\t\t\t\t\t\t\n\t\t\t\t\t\t\t\t\n\t\t\t\t\t\t\t\t\t\t\t\t\t\t\t\t<h4 class=\"pt-slider-title1-class\">Tagungsr\u00e4ume<\/h4>\n\t\t\t\t\t\t\t\t\t\t\t\t\t\t\t\t\t\t\t\t\t\t\t\t<h1 class=\"pt-slider-title2-class\">Intime R\u00e4umlichkeiten, moderne Einrichtungen<\/h1>\n\t\t\t\t\t\t\t\t\t\t\t\t\t\t\t\t\t\t\t\t\t\t\t<\/div>\t\t\t\t\t\t\n\t\t\t\t\t\t<\/div>\t\t\t\t\t\t\n\t\t\t\t\t<\/div>\n\t\t\t\t<\/div>\n\t\t\t\t\t\t\t\t<!-- button scroll -->\n\t\t\t\t<a href=\"#meetingrooms\" data-scroll-nav=\"1\" class=\"mouse smoothscroll\">\n\t\t\t\t\t<span class=\"mouse-icon\">\n\t\t\t\t\t\t<span class=\"mouse-wheel\"><\/span>\n\t\t\t\t\t<\/span>\n\t\t\t\t<\/a>\t\n\t\t\t\t\t\t\t\t\t\n\t\t\t\t\t\t\n        <\/div>\t\t\t\n\t<\/header>\t\t\n\t\t\t\n    \t\t\t\t<\/div>\n\t\t\t\t<\/div>\n\t\t\t\t<\/div>\n\t\t<div class=\"elementor-element elementor-element-aa34cab e-flex e-con-boxed e-con e-parent\" data-id=\"aa34cab\" data-element_type=\"container\">\n\t\t\t\t\t<div class=\"e-con-inner\">\n\t\t\t\t<div class=\"elementor-element elementor-element-8e4520b elementor-widget elementor-widget-patara-title\" data-id=\"8e4520b\" data-element_type=\"widget\" data-widget_type=\"patara-title.default\">\n\t\t\t\t<div class=\"elementor-widget-container\">\n\t\t\t\t\t\t\t\n\t\t\n\t\t\t\t\t\t\t\n\t\t\t\t\t\t\t\n\t\t\t<div class=\"section-text text-center black\"><p><h4>Die Tagungsr\u00e4ume werden bald verf\u00fcgbar sein. Detaillierte Informationen dazu finden Sie weiter unten. <\/h4><\/p><\/div>\n        \n\t\t\t\n        \t\t\t\t<\/div>\n\t\t\t\t<\/div>\n\t\t\t\t\t<\/div>\n\t\t\t\t<\/div>\n\t\t<div class=\"elementor-element elementor-element-8fbc926 e-flex e-con-boxed e-con e-parent\" data-id=\"8fbc926\" data-element_type=\"container\">\n\t\t\t\t\t<div class=\"e-con-inner\">\n\t\t\t\t<div class=\"elementor-element elementor-element-68fcf4c elementor-widget elementor-widget-patara-title\" data-id=\"68fcf4c\" data-element_type=\"widget\" data-widget_type=\"patara-title.default\">\n\t\t\t\t<div class=\"elementor-widget-container\">\n\t\t\t\t\t\t\t\n\t\t\n\t\t\t\t\t\t\t\n\t\t\t<h4 class=\"section-title black text-left\">Sennse Boutique Hotel - Tagungsr\u00e4ume<\/h4>\t\t\t\t\n\t\t\t<div class=\"section-text text-left black\"><p><p class=\"\" data-start=\"212\" data-end=\"464\">Entdecken Sie die 2 Konferenzr\u00e4ume des Hotel Sennse, ideal f\u00fcr kleine Meetings, Arbeitssitzungen, Interviews oder private Schulungen.  <br>Die Atmosph\u00e4re ist ruhig und professionell und die technischen Einrichtungen sind an die modernen Bed\u00fcrfnisse angepasst.<\/p><\/p><\/div>\n        \n\t\t\t\n        \t\t\t\t<\/div>\n\t\t\t\t<\/div>\n\t\t\t\t\t<\/div>\n\t\t\t\t<\/div>\n\t\t<div class=\"elementor-element elementor-element-4867569 e-flex e-con-boxed e-con e-parent\" data-id=\"4867569\" data-element_type=\"container\">\n\t\t\t\t\t<div class=\"e-con-inner\">\n\t\t\t\t<div class=\"elementor-element elementor-element-6afc103 elementor-widget elementor-widget-heading\" data-id=\"6afc103\" data-element_type=\"widget\" data-widget_type=\"heading.default\">\n\t\t\t\t<div class=\"elementor-widget-container\">\n\t\t\t\t\t<h4 class=\"elementor-heading-title elementor-size-default\">Hauptmerkmale:<\/h4>\t\t\t\t<\/div>\n\t\t\t\t<\/div>\n\t\t\t\t<div class=\"elementor-element elementor-element-8fbea45 elementor-widget elementor-widget-patara-list-icon\" data-id=\"8fbea45\" data-element_type=\"widget\" data-widget_type=\"patara-list-icon.default\">\n\t\t\t\t<div class=\"elementor-widget-container\">\n\t\t\t\t\t\t\t\n\t\t<div class=\"sec-list\">\n\t\t\t<ul class=\"list-unstyled page-list\">\n\t\t\t\t\t\t\t\t\t<li>\n\t                    \t\t\t\t\t\t\t<div class=\"page-list-icon\"> \n\t\t\t\t\t\t\t\t<span class=\"ti-check\"><\/span>\t\t\t\t\t\t\t\n\t\t\t\t\t\t    <\/div>\n\t\t\t\t\t\t\t\t\t\t\t\t<div class=\"page-list-text\">\n\t\t\t\t\t\t\t<p>2 Tagungsr\u00e4ume<\/p>\n\t\t\t\t\t\t<\/div>\t\t\t\t\t\n\t\t\t\t\t<\/li>\n\t\t\t\t\t\t\t\t\t<li>\n\t                    \t\t\t\t\t\t\t<div class=\"page-list-icon\"> \n\t\t\t\t\t\t\t\t<span class=\"ti-check\"><\/span>\t\t\t\t\t\t\t\n\t\t\t\t\t\t    <\/div>\n\t\t\t\t\t\t\t\t\t\t\t\t<div class=\"page-list-text\">\n\t\t\t\t\t\t\t<p>Maximale Kapazit\u00e4t: 8 Personen \/ Zimmer<\/p>\n\t\t\t\t\t\t<\/div>\t\t\t\t\t\n\t\t\t\t\t<\/li>\n\t\t\t\t\t\t\t\t\t<li>\n\t                    \t\t\t\t\t\t\t<div class=\"page-list-icon\"> \n\t\t\t\t\t\t\t\t<span class=\"ti-check\"><\/span>\t\t\t\t\t\t\t\n\t\t\t\t\t\t    <\/div>\n\t\t\t\t\t\t\t\t\t\t\t\t<div class=\"page-list-text\">\n\t\t\t\t\t\t\t<p>Fl\u00e4che: 18qm \/ Zimmer<\/p>\n\t\t\t\t\t\t<\/div>\t\t\t\t\t\n\t\t\t\t\t<\/li>\n\t\t\t\t\t\t\t\t\t<li>\n\t                    \t\t\t\t\t\t\t<div class=\"page-list-icon\"> \n\t\t\t\t\t\t\t\t<span class=\"ti-check\"><\/span>\t\t\t\t\t\t\t\n\t\t\t\t\t\t    <\/div>\n\t\t\t\t\t\t\t\t\t\t\t\t<div class=\"page-list-text\">\n\t\t\t\t\t\t\t<p>Hochgeschwindigkeits-Wifi<\/p>\n\t\t\t\t\t\t<\/div>\t\t\t\t\t\n\t\t\t\t\t<\/li>\n\t\t\t\t\t\t\t\t\t<li>\n\t                    \t\t\t\t\t\t\t<div class=\"page-list-icon\"> \n\t\t\t\t\t\t\t\t<span class=\"ti-check\"><\/span>\t\t\t\t\t\t\t\n\t\t\t\t\t\t    <\/div>\n\t\t\t\t\t\t\t\t\t\t\t\t<div class=\"page-list-text\">\n\t\t\t\t\t\t\t<p>Intelligente Bildschirme und interaktive digitale Whiteboards<\/p>\n\t\t\t\t\t\t<\/div>\t\t\t\t\t\n\t\t\t\t\t<\/li>\n\t\t\t\t\t\t\t\t\t<li>\n\t                    \t\t\t\t\t\t\t<div class=\"page-list-icon\"> \n\t\t\t\t\t\t\t\t<span class=\"ti-check\"><\/span>\t\t\t\t\t\t\t\n\t\t\t\t\t\t    <\/div>\n\t\t\t\t\t\t\t\t\t\t\t\t<div class=\"page-list-text\">\n\t\t\t\t\t\t\t<p>Projektor auf Anfrage erh\u00e4ltlich<\/p>\n\t\t\t\t\t\t<\/div>\t\t\t\t\t\n\t\t\t\t\t<\/li>\n\t\t\t\t\t\t\n\t\t\t<\/ul>\t\t\t\t\t\n\t\t<\/div>\n\t\t\n\t\t\t\n        \t\t\t\t<\/div>\n\t\t\t\t<\/div>\n\t\t\t\t\t<\/div>\n\t\t\t\t<\/div>\n\t\t<div class=\"elementor-element elementor-element-9ee7387 e-flex e-con-boxed e-con e-parent\" data-id=\"9ee7387\" data-element_type=\"container\">\n\t\t\t\t\t<div class=\"e-con-inner\">\n\t\t\t\t<div class=\"elementor-element elementor-element-a74b786 elementor-widget elementor-widget-heading\" data-id=\"a74b786\" data-element_type=\"widget\" data-widget_type=\"heading.default\">\n\t\t\t\t<div class=\"elementor-widget-container\">\n\t\t\t\t\t<h4 class=\"elementor-heading-title elementor-size-default\">Zus\u00e4tzliche Einrichtungen:<\/h4>\t\t\t\t<\/div>\n\t\t\t\t<\/div>\n\t\t\t\t<div class=\"elementor-element elementor-element-61d76eb elementor-widget elementor-widget-patara-list-icon\" data-id=\"61d76eb\" data-element_type=\"widget\" data-widget_type=\"patara-list-icon.default\">\n\t\t\t\t<div class=\"elementor-widget-container\">\n\t\t\t\t\t\t\t\n\t\t<div class=\"sec-list\">\n\t\t\t<ul class=\"list-unstyled page-list\">\n\t\t\t\t\t\t\t\t\t<li>\n\t                    \t\t\t\t\t\t\t<div class=\"page-list-icon\"> \n\t\t\t\t\t\t\t\t<span class=\"ti-check\"><\/span>\t\t\t\t\t\t\t\n\t\t\t\t\t\t    <\/div>\n\t\t\t\t\t\t\t\t\t\t\t\t<div class=\"page-list-text\">\n\t\t\t\t\t\t\t<p>Gemeinsamer Kaffee-\/Teebereich (14qm)\n<\/p>\n\t\t\t\t\t\t<\/div>\t\t\t\t\t\n\t\t\t\t\t<\/li>\n\t\t\t\t\t\t\t\t\t<li>\n\t                    \t\t\t\t\t\t\t<div class=\"page-list-icon\"> \n\t\t\t\t\t\t\t\t<span class=\"ti-check\"><\/span>\t\t\t\t\t\t\t\n\t\t\t\t\t\t    <\/div>\n\t\t\t\t\t\t\t\t\t\t\t\t<div class=\"page-list-text\">\n\t\t\t\t\t\t\t<p>Kaffeepause am Eingang: maximal 4 Personen<\/p>\n\t\t\t\t\t\t<\/div>\t\t\t\t\t\n\t\t\t\t\t<\/li>\n\t\t\t\t\t\t\t\t\t<li>\n\t                    \t\t\t\t\t\t\t<div class=\"page-list-icon\"> \n\t\t\t\t\t\t\t\t<span class=\"ti-check\"><\/span>\t\t\t\t\t\t\t\n\t\t\t\t\t\t    <\/div>\n\t\t\t\t\t\t\t\t\t\t\t\t<div class=\"page-list-text\">\n\t\t\t\t\t\t\t<p>Snacks oder Mittagessen im Hotelrestaurant<\/p>\n\t\t\t\t\t\t<\/div>\t\t\t\t\t\n\t\t\t\t\t<\/li>\n\t\t\t\t\t\t\n\t\t\t<\/ul>\t\t\t\t\t\n\t\t<\/div>\n\t\t\n\t\t\t\n        \t\t\t\t<\/div>\n\t\t\t\t<\/div>\n\t\t\t\t<div class=\"elementor-element elementor-element-32aa791 elementor-widget elementor-widget-patara-text\" data-id=\"32aa791\" data-element_type=\"widget\" data-widget_type=\"patara-text.default\">\n\t\t\t\t<div class=\"elementor-widget-container\">\n\t\t\t\t\t\t\t\n\t\t<div class=\"section-text text-left black\"><p><em>Sie k\u00f6nnen die Verpflegungsoptionen \u00fcber das Buchungsformular anfragen - unser Team wird sich mit Ihnen in Verbindung setzen, um individuelle Details zu vereinbaren.<\/em><\/p><\/div>\n\t\t\n\t\t\t\n        \t\t\t\t<\/div>\n\t\t\t\t<\/div>\n\t\t\t\t\t<\/div>\n\t\t\t\t<\/div>\n\t\t<div class=\"elementor-element elementor-element-8c1e3c9 e-flex e-con-boxed e-con e-parent\" data-id=\"8c1e3c9\" data-element_type=\"container\">\n\t\t\t\t\t<div class=\"e-con-inner\">\n\t\t\t\t<div class=\"elementor-element elementor-element-3e2d430 elementor-widget elementor-widget-heading\" data-id=\"3e2d430\" data-element_type=\"widget\" data-widget_type=\"heading.default\">\n\t\t\t\t<div class=\"elementor-widget-container\">\n\t\t\t\t\t<h4 class=\"elementor-heading-title elementor-size-default\">Buchungen und Sonderw\u00fcnsche:<\/h4>\t\t\t\t<\/div>\n\t\t\t\t<\/div>\n\t\t\t\t<div class=\"elementor-element elementor-element-b9eac70 elementor-widget elementor-widget-patara-text\" data-id=\"b9eac70\" data-element_type=\"widget\" data-widget_type=\"patara-text.default\">\n\t\t\t\t<div class=\"elementor-widget-container\">\n\t\t\t\t\t\t\t\n\t\t<div class=\"section-text text-left black\"><p>Sie k\u00f6nnen einen oder beide Konferenzr\u00e4ume buchen, indem Sie das Online-Buchungsformular ausf\u00fcllen. F\u00fcr individuelle W\u00fcnsche (Snacks, Mittagessen, spezielle Einrichtung) wird sich unser Team mit Ihnen in Verbindung setzen, um ein perfekt auf Ihre Bed\u00fcrfnisse zugeschnittenes Erlebnis zu schaffen. <\/p><\/div>\n\t\t\n\t\t\t\n        \t\t\t\t<\/div>\n\t\t\t\t<\/div>\n\t\t\t\t<div class=\"elementor-element elementor-element-608c6f2 elementor-widget elementor-widget-html\" data-id=\"608c6f2\" data-element_type=\"widget\" data-widget_type=\"html.default\">\n\t\t\t\t<div class=\"elementor-widget-container\">\n\t\t\t\t\t<div data-fillout-id=\"bfDpLxEkG2us\" data-fillout-embed-type=\"popup\" data-fillout-dynamic-resize=\"\" data-fillout-inherit-parameters=\"\" data-fillout-popup-size=\"medium\" data-fillout-button-text=\"Vreau o rezervare\" data-fillout-button-color=\"#aa8453\" style=\"text-align: center;display:none;\"><\/div><script src=\"https:\/\/server.fillout.com\/embed\/v1\/\"><\/script>\t\t\t\t<\/div>\n\t\t\t\t<\/div>\n\t\t\t\t\t<\/div>\n\t\t\t\t<\/div>\n\t\t<div class=\"elementor-element elementor-element-de713e6 e-flex e-con-boxed e-con e-parent\" data-id=\"de713e6\" data-element_type=\"container\">\n\t\t\t\t\t<div class=\"e-con-inner\">\n\t\t\t\t<div class=\"elementor-element elementor-element-402e042 elementor-widget elementor-widget-patara-banner-slider\" data-id=\"402e042\" data-element_type=\"widget\" data-widget_type=\"patara-banner-slider.default\">\n\t\t\t\t<div class=\"elementor-widget-container\">\n\t\t\t\t\t\t\t<header class=\"header slider-fade cd-intro-type-slider\">\n\t\t\t<div class=\"owl-carousel owl-theme\" data-carousel-autoplay=\"true\" data-carousel-speed=\"500\" data-carousel-timeout=\"5000\" data-carousel-nav=\"true\" data-rtl=\"false\" data-carousel-dots=\"false\" data-carousel-dots-mobile=\"false\" >\n\t\t\t\t<!-- The opacity on the image is made with \"data-overlay-dark=\"number\". You can change it using the numbers 0-9 -->\n\t\t\t\t\t\t\t\t\t\t\t\t<div class=\"text-left item bg-img bg-img-c\" data-overlay-dark=\"1\" data-background=\"https:\/\/sennse-hotel.ro\/wp-content\/uploads\/2025\/06\/image012.webp\">\n\t\t\t\t\n\t\t\t\t\t\t\t\t\t<\/div>\n\t\t\t\t\t\t\t\t\t\t\t\t\t\t\t\t<div class=\"text-left item bg-img bg-img-c\" data-overlay-dark=\"1\" data-background=\"https:\/\/sennse-hotel.ro\/wp-content\/uploads\/2025\/06\/image009.webp\">\n\t\t\t\t\n\t\t\t\t\t\t\t\t\t<\/div>\n\t\t\t\t\t\t\t\t\t\t\t\t\t\t\t\t<div class=\"text-left item bg-img bg-img-c\" data-overlay-dark=\"1\" data-background=\"https:\/\/sennse-hotel.ro\/wp-content\/uploads\/2025\/06\/image010.webp\">\n\t\t\t\t\n\t\t\t\t\t\t\t\t\t<\/div>\n\t\t\t\t\t\t\t\t\t\t\t\t\t\t\t\t<div class=\"text-left item bg-img bg-img-c\" data-overlay-dark=\"1\" data-background=\"https:\/\/sennse-hotel.ro\/wp-content\/uploads\/2025\/06\/image008.webp\">\n\t\t\t\t\n\t\t\t\t\t\t\t\t\t<\/div>\n\t\t\t\t\t\t\t\t\t\t\t\t\t\t\t\t<div class=\"text-left item bg-img bg-img-c\" data-overlay-dark=\"1\" data-background=\"https:\/\/sennse-hotel.ro\/wp-content\/uploads\/2025\/06\/image007.webp\">\n\t\t\t\t\n\t\t\t\t\t\t\t\t\t<\/div>\n\t\t\t\t\t\t\t\t\t\t\t\t\t\t\t\t<div class=\"text-left item bg-img bg-img-c\" data-overlay-dark=\"1\" data-background=\"https:\/\/sennse-hotel.ro\/wp-content\/uploads\/2025\/06\/image001.webp\">\n\t\t\t\t\n\t\t\t\t\t\t\t\t\t<\/div>\n\t\t\t\t\t\t\t\t\t\t\t\t\t\t\t\t<div class=\"text-left item bg-img bg-img-c\" data-overlay-dark=\"1\" data-background=\"https:\/\/sennse-hotel.ro\/wp-content\/uploads\/2025\/06\/image002.webp\">\n\t\t\t\t\n\t\t\t\t\t\t\t\t\t<\/div>\n\t\t\t\t\t\t\t\t\t\t\t\t\t\t\t\t<div class=\"text-left item bg-img bg-img-c\" data-overlay-dark=\"1\" data-background=\"https:\/\/sennse-hotel.ro\/wp-content\/uploads\/2025\/06\/image011.webp\">\n\t\t\t\t\n\t\t\t\t\t\t\t\t\t<\/div>\n\t\t\t\t\t\t\t\t\t\t\t\t\n\t\t\t<\/div>\n        <\/header>\n\t\t\n\t\t\t\t\t\t\t\t\t\t<\/div>\n\t\t\t\t<\/div>\n\t\t\t\t\t<\/div>\n\t\t\t\t<\/div>\n\t\t<div class=\"elementor-element elementor-element-9a8cfa0 e-flex e-con-boxed e-con e-parent\" data-id=\"9a8cfa0\" data-element_type=\"container\">\n\t\t\t\t\t<div class=\"e-con-inner\">\n\t\t\t\t<div class=\"elementor-element elementor-element-23e6393 elementor-widget elementor-widget-heading\" data-id=\"23e6393\" data-element_type=\"widget\" data-widget_type=\"heading.default\">\n\t\t\t\t<div class=\"elementor-widget-container\">\n\t\t\t\t\t<h4 class=\"elementor-heading-title elementor-size-default\">Terrasse und Restaurant - Demn\u00e4chst verf\u00fcgbar<\/h4>\t\t\t\t<\/div>\n\t\t\t\t<\/div>\n\t\t\t\t<div class=\"elementor-element elementor-element-0c73d56 elementor-widget elementor-widget-patara-text\" data-id=\"0c73d56\" data-element_type=\"widget\" data-widget_type=\"patara-text.default\">\n\t\t\t\t<div class=\"elementor-widget-container\">\n\t\t\t\t\t\t\t\n\t\t<div class=\"section-text text-left black\"><p class=\"\" data-start=\"1261\" data-end=\"1549\">Bald k\u00f6nnen Sie <strong data-start=\"1294\" data-end=\"1316\">den Restaurantbereich<\/strong> auch f\u00fcr private Veranstaltungen oder Gesch\u00e4ftsessen <strong data-start=\"1368\" data-end=\"1405\">f\u00fcr bis zu 20 Personen<\/strong> buchen.<br data-start=\"1406\" data-end=\"1409\">Die Terrasse im Innenhof wird <strong data-start=\"1456\" data-end=\"1484\">in der w\u00e4rmeren<\/strong> Jahreszeit zur Verf\u00fcgung stehen und bietet einen entspannenden Ort f\u00fcr Pausen oder informelle Gespr\u00e4che.<\/p><\/div>\n\t\t\n\t\t\t\n        \t\t\t\t<\/div>\n\t\t\t\t<\/div>\n\t\t\t\t\t<\/div>\n\t\t\t\t<\/div>\n\t\t\t\t<\/div>\n\t\t","protected":false},"excerpt":{"rendered":"<p>Tagungsr\u00e4ume Intime R\u00e4umlichkeiten, moderne Einrichtungen Die Tagungsr\u00e4ume werden bald verf\u00fcgbar sein. Detaillierte Informationen dazu finden Sie weiter unten. Sennse Boutique Hotel &#8211; Tagungsr\u00e4ume Entdecken Sie die 2 Konferenzr\u00e4ume des Hotel Sennse, ideal f\u00fcr kleine Meetings, Arbeitssitzungen, Interviews oder private Schulungen. Die Atmosph\u00e4re ist ruhig und professionell und die technischen Einrichtungen sind an die modernen Bed\u00fcrfnisse angepasst. Hauptmerkmale: 2 Tagungsr\u00e4ume Maximale<\/p>\n","protected":false},"author":3,"featured_media":4376,"parent":0,"menu_order":0,"comment_status":"closed","ping_status":"closed","template":"","meta":{"footnotes":"","_links_to":"","_links_to_target":""},"class_list":["post-5894","page","type-page","status-publish","has-post-thumbnail","hentry"],"yoast_head":"<!-- This site is optimized with the Yoast SEO plugin v25.7 - https:\/\/yoast.com\/wordpress\/plugins\/seo\/ -->\n<title>Tagungsr\u00e4ume - Sennse Boutique Hotel<\/title>\n<meta name=\"robots\" content=\"index, follow, max-snippet:-1, max-image-preview:large, max-video-preview:-1\" \/>\n<link rel=\"canonical\" href=\"https:\/\/sennse-hotel.ro\/de\/tagungsraeume\/\" \/>\n<meta property=\"og:locale\" content=\"de_DE\" \/>\n<meta property=\"og:type\" content=\"article\" \/>\n<meta property=\"og:title\" content=\"Tagungsr\u00e4ume - Sennse Boutique Hotel\" \/>\n<meta property=\"og:description\" content=\"Tagungsr\u00e4ume Intime R\u00e4umlichkeiten, moderne Einrichtungen Die Tagungsr\u00e4ume werden bald verf\u00fcgbar sein. Detaillierte Informationen dazu finden Sie weiter unten. Sennse Boutique Hotel &#8211; Tagungsr\u00e4ume Entdecken Sie die 2 Konferenzr\u00e4ume des Hotel Sennse, ideal f\u00fcr kleine Meetings, Arbeitssitzungen, Interviews oder private Schulungen. Die Atmosph\u00e4re ist ruhig und professionell und die technischen Einrichtungen sind an die modernen Bed\u00fcrfnisse angepasst. Hauptmerkmale: 2 Tagungsr\u00e4ume Maximale\" \/>\n<meta property=\"og:url\" content=\"https:\/\/sennse-hotel.ro\/de\/tagungsraeume\/\" \/>\n<meta property=\"og:site_name\" content=\"Sennse Boutique Hotel\" \/>\n<meta property=\"article:modified_time\" content=\"2025-06-17T07:17:59+00:00\" \/>\n<meta name=\"twitter:card\" content=\"summary_large_image\" \/>\n<meta name=\"twitter:label1\" content=\"Gesch\u00e4tzte Lesezeit\" \/>\n\t<meta name=\"twitter:data1\" content=\"1\u00a0Minute\" \/>\n<script type=\"application\/ld+json\" class=\"yoast-schema-graph\">{\"@context\":\"https:\/\/schema.org\",\"@graph\":[{\"@type\":\"WebPage\",\"@id\":\"https:\/\/sennse-hotel.ro\/de\/tagungsraeume\/\",\"url\":\"https:\/\/sennse-hotel.ro\/de\/tagungsraeume\/\",\"name\":\"Tagungsr\u00e4ume - Sennse Boutique Hotel\",\"isPartOf\":{\"@id\":\"https:\/\/sennse-hotel.ro\/de\/#website\"},\"primaryImageOfPage\":{\"@id\":\"https:\/\/sennse-hotel.ro\/de\/tagungsraeume\/#primaryimage\"},\"image\":{\"@id\":\"https:\/\/sennse-hotel.ro\/de\/tagungsraeume\/#primaryimage\"},\"thumbnailUrl\":\"https:\/\/sennse-hotel.ro\/wp-content\/uploads\/2025\/05\/CASA-ROMANA-PARTER-Untitled-20241213-180900.webp\",\"datePublished\":\"2025-03-05T07:54:08+00:00\",\"dateModified\":\"2025-06-17T07:17:59+00:00\",\"breadcrumb\":{\"@id\":\"https:\/\/sennse-hotel.ro\/de\/tagungsraeume\/#breadcrumb\"},\"inLanguage\":\"de\",\"potentialAction\":[{\"@type\":\"ReadAction\",\"target\":[\"https:\/\/sennse-hotel.ro\/de\/tagungsraeume\/\"]}]},{\"@type\":\"ImageObject\",\"inLanguage\":\"de\",\"@id\":\"https:\/\/sennse-hotel.ro\/de\/tagungsraeume\/#primaryimage\",\"url\":\"https:\/\/sennse-hotel.ro\/wp-content\/uploads\/2025\/05\/CASA-ROMANA-PARTER-Untitled-20241213-180900.webp\",\"contentUrl\":\"https:\/\/sennse-hotel.ro\/wp-content\/uploads\/2025\/05\/CASA-ROMANA-PARTER-Untitled-20241213-180900.webp\",\"width\":1600,\"height\":900,\"caption\":\"Sala de sedinta 02\"},{\"@type\":\"BreadcrumbList\",\"@id\":\"https:\/\/sennse-hotel.ro\/de\/tagungsraeume\/#breadcrumb\",\"itemListElement\":[{\"@type\":\"ListItem\",\"position\":1,\"name\":\"Startseite\",\"item\":\"https:\/\/sennse-hotel.ro\/de\/startseite\/\"},{\"@type\":\"ListItem\",\"position\":2,\"name\":\"Tagungsr\u00e4ume\"}]},{\"@type\":\"WebSite\",\"@id\":\"https:\/\/sennse-hotel.ro\/de\/#website\",\"url\":\"https:\/\/sennse-hotel.ro\/de\/\",\"name\":\"Sennse Boutique Hotel\",\"description\":\"\",\"potentialAction\":[{\"@type\":\"SearchAction\",\"target\":{\"@type\":\"EntryPoint\",\"urlTemplate\":\"https:\/\/sennse-hotel.ro\/de\/?s={search_term_string}\"},\"query-input\":{\"@type\":\"PropertyValueSpecification\",\"valueRequired\":true,\"valueName\":\"search_term_string\"}}],\"inLanguage\":\"de\"}]}<\/script>\n<!-- \/ Yoast SEO plugin. -->","yoast_head_json":{"title":"Tagungsr\u00e4ume - Sennse Boutique Hotel","robots":{"index":"index","follow":"follow","max-snippet":"max-snippet:-1","max-image-preview":"max-image-preview:large","max-video-preview":"max-video-preview:-1"},"canonical":"https:\/\/sennse-hotel.ro\/de\/tagungsraeume\/","og_locale":"de_DE","og_type":"article","og_title":"Tagungsr\u00e4ume - Sennse Boutique Hotel","og_description":"Tagungsr\u00e4ume Intime R\u00e4umlichkeiten, moderne Einrichtungen Die Tagungsr\u00e4ume werden bald verf\u00fcgbar sein. Detaillierte Informationen dazu finden Sie weiter unten. Sennse Boutique Hotel &#8211; Tagungsr\u00e4ume Entdecken Sie die 2 Konferenzr\u00e4ume des Hotel Sennse, ideal f\u00fcr kleine Meetings, Arbeitssitzungen, Interviews oder private Schulungen. Die Atmosph\u00e4re ist ruhig und professionell und die technischen Einrichtungen sind an die modernen Bed\u00fcrfnisse angepasst. Hauptmerkmale: 2 Tagungsr\u00e4ume Maximale","og_url":"https:\/\/sennse-hotel.ro\/de\/tagungsraeume\/","og_site_name":"Sennse Boutique Hotel","article_modified_time":"2025-06-17T07:17:59+00:00","twitter_card":"summary_large_image","twitter_misc":{"Gesch\u00e4tzte Lesezeit":"1\u00a0Minute"},"schema":{"@context":"https:\/\/schema.org","@graph":[{"@type":"WebPage","@id":"https:\/\/sennse-hotel.ro\/de\/tagungsraeume\/","url":"https:\/\/sennse-hotel.ro\/de\/tagungsraeume\/","name":"Tagungsr\u00e4ume - Sennse Boutique Hotel","isPartOf":{"@id":"https:\/\/sennse-hotel.ro\/de\/#website"},"primaryImageOfPage":{"@id":"https:\/\/sennse-hotel.ro\/de\/tagungsraeume\/#primaryimage"},"image":{"@id":"https:\/\/sennse-hotel.ro\/de\/tagungsraeume\/#primaryimage"},"thumbnailUrl":"https:\/\/sennse-hotel.ro\/wp-content\/uploads\/2025\/05\/CASA-ROMANA-PARTER-Untitled-20241213-180900.webp","datePublished":"2025-03-05T07:54:08+00:00","dateModified":"2025-06-17T07:17:59+00:00","breadcrumb":{"@id":"https:\/\/sennse-hotel.ro\/de\/tagungsraeume\/#breadcrumb"},"inLanguage":"de","potentialAction":[{"@type":"ReadAction","target":["https:\/\/sennse-hotel.ro\/de\/tagungsraeume\/"]}]},{"@type":"ImageObject","inLanguage":"de","@id":"https:\/\/sennse-hotel.ro\/de\/tagungsraeume\/#primaryimage","url":"https:\/\/sennse-hotel.ro\/wp-content\/uploads\/2025\/05\/CASA-ROMANA-PARTER-Untitled-20241213-180900.webp","contentUrl":"https:\/\/sennse-hotel.ro\/wp-content\/uploads\/2025\/05\/CASA-ROMANA-PARTER-Untitled-20241213-180900.webp","width":1600,"height":900,"caption":"Sala de sedinta 02"},{"@type":"BreadcrumbList","@id":"https:\/\/sennse-hotel.ro\/de\/tagungsraeume\/#breadcrumb","itemListElement":[{"@type":"ListItem","position":1,"name":"Startseite","item":"https:\/\/sennse-hotel.ro\/de\/startseite\/"},{"@type":"ListItem","position":2,"name":"Tagungsr\u00e4ume"}]},{"@type":"WebSite","@id":"https:\/\/sennse-hotel.ro\/de\/#website","url":"https:\/\/sennse-hotel.ro\/de\/","name":"Sennse Boutique Hotel","description":"","potentialAction":[{"@type":"SearchAction","target":{"@type":"EntryPoint","urlTemplate":"https:\/\/sennse-hotel.ro\/de\/?s={search_term_string}"},"query-input":{"@type":"PropertyValueSpecification","valueRequired":true,"valueName":"search_term_string"}}],"inLanguage":"de"}]}},"_links":{"self":[{"href":"https:\/\/sennse-hotel.ro\/de\/wp-json\/wp\/v2\/pages\/5894","targetHints":{"allow":["GET"]}}],"collection":[{"href":"https:\/\/sennse-hotel.ro\/de\/wp-json\/wp\/v2\/pages"}],"about":[{"href":"https:\/\/sennse-hotel.ro\/de\/wp-json\/wp\/v2\/types\/page"}],"author":[{"embeddable":true,"href":"https:\/\/sennse-hotel.ro\/de\/wp-json\/wp\/v2\/users\/3"}],"replies":[{"embeddable":true,"href":"https:\/\/sennse-hotel.ro\/de\/wp-json\/wp\/v2\/comments?post=5894"}],"version-history":[{"count":5,"href":"https:\/\/sennse-hotel.ro\/de\/wp-json\/wp\/v2\/pages\/5894\/revisions"}],"predecessor-version":[{"id":6248,"href":"https:\/\/sennse-hotel.ro\/de\/wp-json\/wp\/v2\/pages\/5894\/revisions\/6248"}],"wp:featuredmedia":[{"embeddable":true,"href":"https:\/\/sennse-hotel.ro\/de\/wp-json\/wp\/v2\/media\/4376"}],"wp:attachment":[{"href":"https:\/\/sennse-hotel.ro\/de\/wp-json\/wp\/v2\/media?parent=5894"}],"curies":[{"name":"wp","href":"https:\/\/api.w.org\/{rel}","templated":true}]}}