{"id":5896,"date":"2025-03-05T09:54:08","date_gmt":"2025-03-05T07:54:08","guid":{"rendered":"https:\/\/sennse-hotel.ro\/salles-de-reunion\/"},"modified":"2025-06-17T08:59:35","modified_gmt":"2025-06-17T06:59:35","slug":"salles-de-reunion","status":"publish","type":"page","link":"https:\/\/sennse-hotel.ro\/fr\/salles-de-reunion\/","title":{"rendered":"Salles de r\u00e9union"},"content":{"rendered":"\t\t<div data-elementor-type=\"wp-page\" data-elementor-id=\"5896\" class=\"elementor elementor-5896 elementor-4118\">\n\t\t\t\t<div class=\"elementor-element elementor-element-2bfff96f e-con-full e-flex e-con e-parent\" data-id=\"2bfff96f\" data-element_type=\"container\" data-settings=\"{&quot;background_background&quot;:&quot;classic&quot;}\">\n\t\t\t\t<div class=\"elementor-element elementor-element-3232adc3 elementor-widget elementor-widget-patara-banner-image\" data-id=\"3232adc3\" data-element_type=\"widget\" data-widget_type=\"patara-banner-image.default\">\n\t\t\t\t<div class=\"elementor-widget-container\">\n\t\t\t\t\t\t\t\n\t<!-- Header Banner -->\n\t<header class=\"header\">\n\n\t\t\t\t<div class=\"banner-header full-height valign bg-img bg-fixed text-center\" data-overlay-dark=\"6\" data-background=\"https:\/\/sennse-hotel.ro\/wp-content\/uploads\/2025\/06\/image001.webp\">\n\t\t\t\t\t\t\t\t\t\t\t\t<div class=\"container\">\n\t\t\t\t\t<div class=\"row\">\n\t\t\t\t\t\t<div class=\"col-md-12 offset-0\">\n\t\t\t\t\t\t\t<div class=\"caption\">\n\n\t\t\t\t\t\t\t\t\t\t\t\t\t\t\t\t\n\t\t\t\t\t\t\t\t\n\t\t\t\t\t\t\t\t\t\t\t\t\t\t\t\t<h4 class=\"pt-slider-title1-class\">Salles de r\u00e9union<\/h4>\n\t\t\t\t\t\t\t\t\t\t\t\t\t\t\t\t\t\t\t\t\t\t\t\t<h1 class=\"pt-slider-title2-class\">Espace intime, \u00e9quipements modernes<\/h1>\n\t\t\t\t\t\t\t\t\t\t\t\t\t\t\t\t\t\t\t\t\t\t\t<\/div>\t\t\t\t\t\t\n\t\t\t\t\t\t<\/div>\t\t\t\t\t\t\n\t\t\t\t\t<\/div>\n\t\t\t\t<\/div>\n\t\t\t\t\t\t\t\t<!-- button scroll -->\n\t\t\t\t<a href=\"#meetingrooms\" data-scroll-nav=\"1\" class=\"mouse smoothscroll\">\n\t\t\t\t\t<span class=\"mouse-icon\">\n\t\t\t\t\t\t<span class=\"mouse-wheel\"><\/span>\n\t\t\t\t\t<\/span>\n\t\t\t\t<\/a>\t\n\t\t\t\t\t\t\t\t\t\n\t\t\t\t\t\t\n        <\/div>\t\t\t\n\t<\/header>\t\t\n\t\t\t\n    \t\t\t\t<\/div>\n\t\t\t\t<\/div>\n\t\t\t\t<\/div>\n\t\t<div class=\"elementor-element elementor-element-aa34cab e-flex e-con-boxed e-con e-parent\" data-id=\"aa34cab\" data-element_type=\"container\">\n\t\t\t\t\t<div class=\"e-con-inner\">\n\t\t\t\t<div class=\"elementor-element elementor-element-8e4520b elementor-widget elementor-widget-patara-title\" data-id=\"8e4520b\" data-element_type=\"widget\" data-widget_type=\"patara-title.default\">\n\t\t\t\t<div class=\"elementor-widget-container\">\n\t\t\t\t\t\t\t\n\t\t\n\t\t\t\t\t\t\t\n\t\t\t\t\t\t\t\n\t\t\t<div class=\"section-text text-center black\"><p><h4>Les salles de r\u00e9union seront bient\u00f4t disponibles. Vous trouverez des informations d\u00e9taill\u00e9es ci-dessous. <\/h4><\/p><\/div>\n        \n\t\t\t\n        \t\t\t\t<\/div>\n\t\t\t\t<\/div>\n\t\t\t\t\t<\/div>\n\t\t\t\t<\/div>\n\t\t<div class=\"elementor-element elementor-element-8fbc926 e-flex e-con-boxed e-con e-parent\" data-id=\"8fbc926\" data-element_type=\"container\">\n\t\t\t\t\t<div class=\"e-con-inner\">\n\t\t\t\t<div class=\"elementor-element elementor-element-68fcf4c elementor-widget elementor-widget-patara-title\" data-id=\"68fcf4c\" data-element_type=\"widget\" data-widget_type=\"patara-title.default\">\n\t\t\t\t<div class=\"elementor-widget-container\">\n\t\t\t\t\t\t\t\n\t\t\n\t\t\t\t\t\t\t\n\t\t\t<h4 class=\"section-title black text-left\">Sennse Boutique Hotel - Salles de r\u00e9union<\/h4>\t\t\t\t\n\t\t\t<div class=\"section-text text-left black\"><p><p class=\"\" data-start=\"212\" data-end=\"464\">D\u00e9couvrez les deux salles de conf\u00e9rence de l'h\u00f4tel Sennse, id\u00e9ales pour les petites r\u00e9unions, les s\u00e9ances de travail, les entretiens ou les formations priv\u00e9es.  <br>L'atmosph\u00e8re est calme et professionnelle et les installations techniques sont adapt\u00e9es aux besoins modernes.<\/p><\/p><\/div>\n        \n\t\t\t\n        \t\t\t\t<\/div>\n\t\t\t\t<\/div>\n\t\t\t\t\t<\/div>\n\t\t\t\t<\/div>\n\t\t<div class=\"elementor-element elementor-element-4867569 e-flex e-con-boxed e-con e-parent\" data-id=\"4867569\" data-element_type=\"container\">\n\t\t\t\t\t<div class=\"e-con-inner\">\n\t\t\t\t<div class=\"elementor-element elementor-element-6afc103 elementor-widget elementor-widget-heading\" data-id=\"6afc103\" data-element_type=\"widget\" data-widget_type=\"heading.default\">\n\t\t\t\t<div class=\"elementor-widget-container\">\n\t\t\t\t\t<h4 class=\"elementor-heading-title elementor-size-default\">Caract\u00e9ristiques principales :<\/h4>\t\t\t\t<\/div>\n\t\t\t\t<\/div>\n\t\t\t\t<div class=\"elementor-element elementor-element-8fbea45 elementor-widget elementor-widget-patara-list-icon\" data-id=\"8fbea45\" data-element_type=\"widget\" data-widget_type=\"patara-list-icon.default\">\n\t\t\t\t<div class=\"elementor-widget-container\">\n\t\t\t\t\t\t\t\n\t\t<div class=\"sec-list\">\n\t\t\t<ul class=\"list-unstyled page-list\">\n\t\t\t\t\t\t\t\t\t<li>\n\t                    \t\t\t\t\t\t\t<div class=\"page-list-icon\"> \n\t\t\t\t\t\t\t\t<span class=\"ti-check\"><\/span>\t\t\t\t\t\t\t\n\t\t\t\t\t\t    <\/div>\n\t\t\t\t\t\t\t\t\t\t\t\t<div class=\"page-list-text\">\n\t\t\t\t\t\t\t<p>2 salles de r\u00e9union<\/p>\n\t\t\t\t\t\t<\/div>\t\t\t\t\t\n\t\t\t\t\t<\/li>\n\t\t\t\t\t\t\t\t\t<li>\n\t                    \t\t\t\t\t\t\t<div class=\"page-list-icon\"> \n\t\t\t\t\t\t\t\t<span class=\"ti-check\"><\/span>\t\t\t\t\t\t\t\n\t\t\t\t\t\t    <\/div>\n\t\t\t\t\t\t\t\t\t\t\t\t<div class=\"page-list-text\">\n\t\t\t\t\t\t\t<p>Capacit\u00e9 maximale : 8 personnes \/ chambre<\/p>\n\t\t\t\t\t\t<\/div>\t\t\t\t\t\n\t\t\t\t\t<\/li>\n\t\t\t\t\t\t\t\t\t<li>\n\t                    \t\t\t\t\t\t\t<div class=\"page-list-icon\"> \n\t\t\t\t\t\t\t\t<span class=\"ti-check\"><\/span>\t\t\t\t\t\t\t\n\t\t\t\t\t\t    <\/div>\n\t\t\t\t\t\t\t\t\t\t\t\t<div class=\"page-list-text\">\n\t\t\t\t\t\t\t<p>Surface : 18m2 \/ pi\u00e8ce<\/p>\n\t\t\t\t\t\t<\/div>\t\t\t\t\t\n\t\t\t\t\t<\/li>\n\t\t\t\t\t\t\t\t\t<li>\n\t                    \t\t\t\t\t\t\t<div class=\"page-list-icon\"> \n\t\t\t\t\t\t\t\t<span class=\"ti-check\"><\/span>\t\t\t\t\t\t\t\n\t\t\t\t\t\t    <\/div>\n\t\t\t\t\t\t\t\t\t\t\t\t<div class=\"page-list-text\">\n\t\t\t\t\t\t\t<p>Wifi \u00e0 haut d\u00e9bit<\/p>\n\t\t\t\t\t\t<\/div>\t\t\t\t\t\n\t\t\t\t\t<\/li>\n\t\t\t\t\t\t\t\t\t<li>\n\t                    \t\t\t\t\t\t\t<div class=\"page-list-icon\"> \n\t\t\t\t\t\t\t\t<span class=\"ti-check\"><\/span>\t\t\t\t\t\t\t\n\t\t\t\t\t\t    <\/div>\n\t\t\t\t\t\t\t\t\t\t\t\t<div class=\"page-list-text\">\n\t\t\t\t\t\t\t<p>\u00c9crans intelligents et tableaux num\u00e9riques interactifs<\/p>\n\t\t\t\t\t\t<\/div>\t\t\t\t\t\n\t\t\t\t\t<\/li>\n\t\t\t\t\t\t\t\t\t<li>\n\t                    \t\t\t\t\t\t\t<div class=\"page-list-icon\"> \n\t\t\t\t\t\t\t\t<span class=\"ti-check\"><\/span>\t\t\t\t\t\t\t\n\t\t\t\t\t\t    <\/div>\n\t\t\t\t\t\t\t\t\t\t\t\t<div class=\"page-list-text\">\n\t\t\t\t\t\t\t<p>Projecteur disponible sur demande<\/p>\n\t\t\t\t\t\t<\/div>\t\t\t\t\t\n\t\t\t\t\t<\/li>\n\t\t\t\t\t\t\n\t\t\t<\/ul>\t\t\t\t\t\n\t\t<\/div>\n\t\t\n\t\t\t\n        \t\t\t\t<\/div>\n\t\t\t\t<\/div>\n\t\t\t\t\t<\/div>\n\t\t\t\t<\/div>\n\t\t<div class=\"elementor-element elementor-element-9ee7387 e-flex e-con-boxed e-con e-parent\" data-id=\"9ee7387\" data-element_type=\"container\">\n\t\t\t\t\t<div class=\"e-con-inner\">\n\t\t\t\t<div class=\"elementor-element elementor-element-a74b786 elementor-widget elementor-widget-heading\" data-id=\"a74b786\" data-element_type=\"widget\" data-widget_type=\"heading.default\">\n\t\t\t\t<div class=\"elementor-widget-container\">\n\t\t\t\t\t<h4 class=\"elementor-heading-title elementor-size-default\">Equipements suppl\u00e9mentaires :<\/h4>\t\t\t\t<\/div>\n\t\t\t\t<\/div>\n\t\t\t\t<div class=\"elementor-element elementor-element-61d76eb elementor-widget elementor-widget-patara-list-icon\" data-id=\"61d76eb\" data-element_type=\"widget\" data-widget_type=\"patara-list-icon.default\">\n\t\t\t\t<div class=\"elementor-widget-container\">\n\t\t\t\t\t\t\t\n\t\t<div class=\"sec-list\">\n\t\t\t<ul class=\"list-unstyled page-list\">\n\t\t\t\t\t\t\t\t\t<li>\n\t                    \t\t\t\t\t\t\t<div class=\"page-list-icon\"> \n\t\t\t\t\t\t\t\t<span class=\"ti-check\"><\/span>\t\t\t\t\t\t\t\n\t\t\t\t\t\t    <\/div>\n\t\t\t\t\t\t\t\t\t\t\t\t<div class=\"page-list-text\">\n\t\t\t\t\t\t\t<p>Espace caf\u00e9\/th\u00e9 commun (14m2)\n<\/p>\n\t\t\t\t\t\t<\/div>\t\t\t\t\t\n\t\t\t\t\t<\/li>\n\t\t\t\t\t\t\t\t\t<li>\n\t                    \t\t\t\t\t\t\t<div class=\"page-list-icon\"> \n\t\t\t\t\t\t\t\t<span class=\"ti-check\"><\/span>\t\t\t\t\t\t\t\n\t\t\t\t\t\t    <\/div>\n\t\t\t\t\t\t\t\t\t\t\t\t<div class=\"page-list-text\">\n\t\t\t\t\t\t\t<p>Pause caf\u00e9 \u00e0 l'entr\u00e9e : maximum 4 personnes<\/p>\n\t\t\t\t\t\t<\/div>\t\t\t\t\t\n\t\t\t\t\t<\/li>\n\t\t\t\t\t\t\t\t\t<li>\n\t                    \t\t\t\t\t\t\t<div class=\"page-list-icon\"> \n\t\t\t\t\t\t\t\t<span class=\"ti-check\"><\/span>\t\t\t\t\t\t\t\n\t\t\t\t\t\t    <\/div>\n\t\t\t\t\t\t\t\t\t\t\t\t<div class=\"page-list-text\">\n\t\t\t\t\t\t\t<p>Collations ou d\u00e9jeuner au restaurant de l'h\u00f4tel<\/p>\n\t\t\t\t\t\t<\/div>\t\t\t\t\t\n\t\t\t\t\t<\/li>\n\t\t\t\t\t\t\n\t\t\t<\/ul>\t\t\t\t\t\n\t\t<\/div>\n\t\t\n\t\t\t\n        \t\t\t\t<\/div>\n\t\t\t\t<\/div>\n\t\t\t\t<div class=\"elementor-element elementor-element-32aa791 elementor-widget elementor-widget-patara-text\" data-id=\"32aa791\" data-element_type=\"widget\" data-widget_type=\"patara-text.default\">\n\t\t\t\t<div class=\"elementor-widget-container\">\n\t\t\t\t\t\t\t\n\t\t<div class=\"section-text text-left black\"><p><em>Vous pouvez demander des options de restauration via le formulaire de r\u00e9servation - notre \u00e9quipe vous contactera pour organiser des d\u00e9tails personnalis\u00e9s.<\/em><\/p><\/div>\n\t\t\n\t\t\t\n        \t\t\t\t<\/div>\n\t\t\t\t<\/div>\n\t\t\t\t\t<\/div>\n\t\t\t\t<\/div>\n\t\t<div class=\"elementor-element elementor-element-8c1e3c9 e-flex e-con-boxed e-con e-parent\" data-id=\"8c1e3c9\" data-element_type=\"container\">\n\t\t\t\t\t<div class=\"e-con-inner\">\n\t\t\t\t<div class=\"elementor-element elementor-element-3e2d430 elementor-widget elementor-widget-heading\" data-id=\"3e2d430\" data-element_type=\"widget\" data-widget_type=\"heading.default\">\n\t\t\t\t<div class=\"elementor-widget-container\">\n\t\t\t\t\t<h4 class=\"elementor-heading-title elementor-size-default\">R\u00e9servations et demandes sp\u00e9ciales :<\/h4>\t\t\t\t<\/div>\n\t\t\t\t<\/div>\n\t\t\t\t<div class=\"elementor-element elementor-element-b9eac70 elementor-widget elementor-widget-patara-text\" data-id=\"b9eac70\" data-element_type=\"widget\" data-widget_type=\"patara-text.default\">\n\t\t\t\t<div class=\"elementor-widget-container\">\n\t\t\t\t\t\t\t\n\t\t<div class=\"section-text text-left black\"><p>Vous pouvez r\u00e9server une ou deux salles de conf\u00e9rence en remplissant le formulaire de r\u00e9servation en ligne. Pour les demandes personnalis\u00e9es (collations, d\u00e9jeuner, installation sp\u00e9ciale), notre \u00e9quipe vous contactera pour cr\u00e9er une exp\u00e9rience parfaitement adapt\u00e9e \u00e0 vos besoins. <\/p><\/div>\n\t\t\n\t\t\t\n        \t\t\t\t<\/div>\n\t\t\t\t<\/div>\n\t\t\t\t<div class=\"elementor-element elementor-element-608c6f2 elementor-widget elementor-widget-html\" data-id=\"608c6f2\" data-element_type=\"widget\" data-widget_type=\"html.default\">\n\t\t\t\t<div class=\"elementor-widget-container\">\n\t\t\t\t\t<div data-fillout-id=\"bfDpLxEkG2us\" data-fillout-embed-type=\"popup\" data-fillout-dynamic-resize=\"\" data-fillout-inherit-parameters=\"\" data-fillout-popup-size=\"medium\" data-fillout-button-text=\"Vreau o rezervare\" data-fillout-button-color=\"#aa8453\" style=\"text-align: center;display:none;\"><\/div><script src=\"https:\/\/server.fillout.com\/embed\/v1\/\"><\/script>\t\t\t\t<\/div>\n\t\t\t\t<\/div>\n\t\t\t\t\t<\/div>\n\t\t\t\t<\/div>\n\t\t<div class=\"elementor-element elementor-element-de713e6 e-flex e-con-boxed e-con e-parent\" data-id=\"de713e6\" data-element_type=\"container\">\n\t\t\t\t\t<div class=\"e-con-inner\">\n\t\t\t\t<div class=\"elementor-element elementor-element-402e042 elementor-widget elementor-widget-patara-banner-slider\" data-id=\"402e042\" data-element_type=\"widget\" data-widget_type=\"patara-banner-slider.default\">\n\t\t\t\t<div class=\"elementor-widget-container\">\n\t\t\t\t\t\t\t<header class=\"header slider-fade cd-intro-type-slider\">\n\t\t\t<div class=\"owl-carousel owl-theme\" data-carousel-autoplay=\"true\" data-carousel-speed=\"500\" data-carousel-timeout=\"5000\" data-carousel-nav=\"true\" data-rtl=\"false\" data-carousel-dots=\"false\" data-carousel-dots-mobile=\"false\" >\n\t\t\t\t<!-- The opacity on the image is made with \"data-overlay-dark=\"number\". You can change it using the numbers 0-9 -->\n\t\t\t\t\t\t\t\t\t\t\t\t<div class=\"text-left item bg-img bg-img-c\" data-overlay-dark=\"1\" data-background=\"https:\/\/sennse-hotel.ro\/wp-content\/uploads\/2025\/06\/image012.webp\">\n\t\t\t\t\n\t\t\t\t\t\t\t\t\t<\/div>\n\t\t\t\t\t\t\t\t\t\t\t\t\t\t\t\t<div class=\"text-left item bg-img bg-img-c\" data-overlay-dark=\"1\" data-background=\"https:\/\/sennse-hotel.ro\/wp-content\/uploads\/2025\/06\/image009.webp\">\n\t\t\t\t\n\t\t\t\t\t\t\t\t\t<\/div>\n\t\t\t\t\t\t\t\t\t\t\t\t\t\t\t\t<div class=\"text-left item bg-img bg-img-c\" data-overlay-dark=\"1\" data-background=\"https:\/\/sennse-hotel.ro\/wp-content\/uploads\/2025\/06\/image010.webp\">\n\t\t\t\t\n\t\t\t\t\t\t\t\t\t<\/div>\n\t\t\t\t\t\t\t\t\t\t\t\t\t\t\t\t<div class=\"text-left item bg-img bg-img-c\" data-overlay-dark=\"1\" data-background=\"https:\/\/sennse-hotel.ro\/wp-content\/uploads\/2025\/06\/image008.webp\">\n\t\t\t\t\n\t\t\t\t\t\t\t\t\t<\/div>\n\t\t\t\t\t\t\t\t\t\t\t\t\t\t\t\t<div class=\"text-left item bg-img bg-img-c\" data-overlay-dark=\"1\" data-background=\"https:\/\/sennse-hotel.ro\/wp-content\/uploads\/2025\/06\/image007.webp\">\n\t\t\t\t\n\t\t\t\t\t\t\t\t\t<\/div>\n\t\t\t\t\t\t\t\t\t\t\t\t\t\t\t\t<div class=\"text-left item bg-img bg-img-c\" data-overlay-dark=\"1\" data-background=\"https:\/\/sennse-hotel.ro\/wp-content\/uploads\/2025\/06\/image001.webp\">\n\t\t\t\t\n\t\t\t\t\t\t\t\t\t<\/div>\n\t\t\t\t\t\t\t\t\t\t\t\t\t\t\t\t<div class=\"text-left item bg-img bg-img-c\" data-overlay-dark=\"1\" data-background=\"https:\/\/sennse-hotel.ro\/wp-content\/uploads\/2025\/06\/image002.webp\">\n\t\t\t\t\n\t\t\t\t\t\t\t\t\t<\/div>\n\t\t\t\t\t\t\t\t\t\t\t\t\t\t\t\t<div class=\"text-left item bg-img bg-img-c\" data-overlay-dark=\"1\" data-background=\"https:\/\/sennse-hotel.ro\/wp-content\/uploads\/2025\/06\/image011.webp\">\n\t\t\t\t\n\t\t\t\t\t\t\t\t\t<\/div>\n\t\t\t\t\t\t\t\t\t\t\t\t\n\t\t\t<\/div>\n        <\/header>\n\t\t\n\t\t\t\t\t\t\t\t\t\t<\/div>\n\t\t\t\t<\/div>\n\t\t\t\t\t<\/div>\n\t\t\t\t<\/div>\n\t\t<div class=\"elementor-element elementor-element-9a8cfa0 e-flex e-con-boxed e-con e-parent\" data-id=\"9a8cfa0\" data-element_type=\"container\">\n\t\t\t\t\t<div class=\"e-con-inner\">\n\t\t\t\t<div class=\"elementor-element elementor-element-23e6393 elementor-widget elementor-widget-heading\" data-id=\"23e6393\" data-element_type=\"widget\" data-widget_type=\"heading.default\">\n\t\t\t\t<div class=\"elementor-widget-container\">\n\t\t\t\t\t<h4 class=\"elementor-heading-title elementor-size-default\">Terrasse et restaurant - Prochainement<\/h4>\t\t\t\t<\/div>\n\t\t\t\t<\/div>\n\t\t\t\t<div class=\"elementor-element elementor-element-0c73d56 elementor-widget elementor-widget-patara-text\" data-id=\"0c73d56\" data-element_type=\"widget\" data-widget_type=\"patara-text.default\">\n\t\t\t\t<div class=\"elementor-widget-container\">\n\t\t\t\t\t\t\t\n\t\t<div class=\"section-text text-left black\"><p class=\"\" data-start=\"1261\" data-end=\"1549\">Bient\u00f4t, vous pourrez \u00e9galement r\u00e9server l \u00ab <strong data-start=\"1294\" data-end=\"1316\">espace restaurant<\/strong> pour des \u00e9v\u00e9nements priv\u00e9s ou des d\u00e9jeuners d'affaires <strong data-start=\"1368\" data-end=\"1405\">pouvant accueillir jusqu \u00bb \u00e0 20 personnes<\/strong>.<br data-start=\"1406\" data-end=\"1409\">La terrasse de la cour sera disponible <strong data-start=\"1456\" data-end=\"1484\">pendant la saison chaude<\/strong>, offrant un espace de d\u00e9tente pour les pauses ou les discussions informelles.<\/p><\/div>\n\t\t\n\t\t\t\n        \t\t\t\t<\/div>\n\t\t\t\t<\/div>\n\t\t\t\t\t<\/div>\n\t\t\t\t<\/div>\n\t\t\t\t<\/div>\n\t\t","protected":false},"excerpt":{"rendered":"<p>Salles de r\u00e9union Espace intime, \u00e9quipements modernes Les salles de r\u00e9union seront bient\u00f4t disponibles. Vous trouverez des informations d\u00e9taill\u00e9es ci-dessous. Sennse Boutique Hotel &#8211; Salles de r\u00e9union D\u00e9couvrez les deux salles de conf\u00e9rence de l&#8217;h\u00f4tel Sennse, id\u00e9ales pour les petites r\u00e9unions, les s\u00e9ances de travail, les entretiens ou les formations priv\u00e9es. L&#8217;atmosph\u00e8re est calme et professionnelle et les installations techniques<\/p>\n","protected":false},"author":3,"featured_media":4375,"parent":0,"menu_order":0,"comment_status":"closed","ping_status":"closed","template":"","meta":{"footnotes":"","_links_to":"","_links_to_target":""},"class_list":["post-5896","page","type-page","status-publish","has-post-thumbnail","hentry"],"yoast_head":"<!-- This site is optimized with the Yoast SEO plugin v25.7 - https:\/\/yoast.com\/wordpress\/plugins\/seo\/ -->\n<title>Salles de r\u00e9union - Sennse Boutique Hotel<\/title>\n<meta name=\"robots\" content=\"index, follow, max-snippet:-1, max-image-preview:large, max-video-preview:-1\" \/>\n<link rel=\"canonical\" href=\"https:\/\/sennse-hotel.ro\/fr\/salles-de-reunion\/\" \/>\n<meta property=\"og:locale\" content=\"fr_FR\" \/>\n<meta property=\"og:type\" content=\"article\" \/>\n<meta property=\"og:title\" content=\"Salles de r\u00e9union - Sennse Boutique Hotel\" \/>\n<meta property=\"og:description\" content=\"Salles de r\u00e9union Espace intime, \u00e9quipements modernes Les salles de r\u00e9union seront bient\u00f4t disponibles. Vous trouverez des informations d\u00e9taill\u00e9es ci-dessous. Sennse Boutique Hotel &#8211; Salles de r\u00e9union D\u00e9couvrez les deux salles de conf\u00e9rence de l&#8217;h\u00f4tel Sennse, id\u00e9ales pour les petites r\u00e9unions, les s\u00e9ances de travail, les entretiens ou les formations priv\u00e9es. L&#8217;atmosph\u00e8re est calme et professionnelle et les installations techniques\" \/>\n<meta property=\"og:url\" content=\"https:\/\/sennse-hotel.ro\/fr\/salles-de-reunion\/\" \/>\n<meta property=\"og:site_name\" content=\"Sennse Boutique Hotel\" \/>\n<meta property=\"article:modified_time\" content=\"2025-06-17T06:59:35+00:00\" \/>\n<meta name=\"twitter:card\" content=\"summary_large_image\" \/>\n<meta name=\"twitter:label1\" content=\"Dur\u00e9e de lecture estim\u00e9e\" \/>\n\t<meta name=\"twitter:data1\" content=\"1 minute\" \/>\n<script type=\"application\/ld+json\" class=\"yoast-schema-graph\">{\"@context\":\"https:\/\/schema.org\",\"@graph\":[{\"@type\":\"WebPage\",\"@id\":\"https:\/\/sennse-hotel.ro\/fr\/salles-de-reunion\/\",\"url\":\"https:\/\/sennse-hotel.ro\/fr\/salles-de-reunion\/\",\"name\":\"Salles de r\u00e9union - Sennse Boutique Hotel\",\"isPartOf\":{\"@id\":\"https:\/\/sennse-hotel.ro\/fr\/#website\"},\"primaryImageOfPage\":{\"@id\":\"https:\/\/sennse-hotel.ro\/fr\/salles-de-reunion\/#primaryimage\"},\"image\":{\"@id\":\"https:\/\/sennse-hotel.ro\/fr\/salles-de-reunion\/#primaryimage\"},\"thumbnailUrl\":\"https:\/\/sennse-hotel.ro\/wp-content\/uploads\/2025\/05\/CASA-ROMANA-PARTER-Untitled-20241213-180900.webp\",\"datePublished\":\"2025-03-05T07:54:08+00:00\",\"dateModified\":\"2025-06-17T06:59:35+00:00\",\"breadcrumb\":{\"@id\":\"https:\/\/sennse-hotel.ro\/fr\/salles-de-reunion\/#breadcrumb\"},\"inLanguage\":\"fr-FR\",\"potentialAction\":[{\"@type\":\"ReadAction\",\"target\":[\"https:\/\/sennse-hotel.ro\/fr\/salles-de-reunion\/\"]}]},{\"@type\":\"ImageObject\",\"inLanguage\":\"fr-FR\",\"@id\":\"https:\/\/sennse-hotel.ro\/fr\/salles-de-reunion\/#primaryimage\",\"url\":\"https:\/\/sennse-hotel.ro\/wp-content\/uploads\/2025\/05\/CASA-ROMANA-PARTER-Untitled-20241213-180900.webp\",\"contentUrl\":\"https:\/\/sennse-hotel.ro\/wp-content\/uploads\/2025\/05\/CASA-ROMANA-PARTER-Untitled-20241213-180900.webp\",\"width\":1600,\"height\":900,\"caption\":\"Sala de sedinta 02\"},{\"@type\":\"BreadcrumbList\",\"@id\":\"https:\/\/sennse-hotel.ro\/fr\/salles-de-reunion\/#breadcrumb\",\"itemListElement\":[{\"@type\":\"ListItem\",\"position\":1,\"name\":\"Home\",\"item\":\"https:\/\/sennse-hotel.ro\/fr\/\"},{\"@type\":\"ListItem\",\"position\":2,\"name\":\"Salles de r\u00e9union\"}]},{\"@type\":\"WebSite\",\"@id\":\"https:\/\/sennse-hotel.ro\/fr\/#website\",\"url\":\"https:\/\/sennse-hotel.ro\/fr\/\",\"name\":\"Sennse Boutique Hotel\",\"description\":\"\",\"potentialAction\":[{\"@type\":\"SearchAction\",\"target\":{\"@type\":\"EntryPoint\",\"urlTemplate\":\"https:\/\/sennse-hotel.ro\/fr\/?s={search_term_string}\"},\"query-input\":{\"@type\":\"PropertyValueSpecification\",\"valueRequired\":true,\"valueName\":\"search_term_string\"}}],\"inLanguage\":\"fr-FR\"}]}<\/script>\n<!-- \/ Yoast SEO plugin. -->","yoast_head_json":{"title":"Salles de r\u00e9union - Sennse Boutique Hotel","robots":{"index":"index","follow":"follow","max-snippet":"max-snippet:-1","max-image-preview":"max-image-preview:large","max-video-preview":"max-video-preview:-1"},"canonical":"https:\/\/sennse-hotel.ro\/fr\/salles-de-reunion\/","og_locale":"fr_FR","og_type":"article","og_title":"Salles de r\u00e9union - Sennse Boutique Hotel","og_description":"Salles de r\u00e9union Espace intime, \u00e9quipements modernes Les salles de r\u00e9union seront bient\u00f4t disponibles. Vous trouverez des informations d\u00e9taill\u00e9es ci-dessous. Sennse Boutique Hotel &#8211; Salles de r\u00e9union D\u00e9couvrez les deux salles de conf\u00e9rence de l&#8217;h\u00f4tel Sennse, id\u00e9ales pour les petites r\u00e9unions, les s\u00e9ances de travail, les entretiens ou les formations priv\u00e9es. L&#8217;atmosph\u00e8re est calme et professionnelle et les installations techniques","og_url":"https:\/\/sennse-hotel.ro\/fr\/salles-de-reunion\/","og_site_name":"Sennse Boutique Hotel","article_modified_time":"2025-06-17T06:59:35+00:00","twitter_card":"summary_large_image","twitter_misc":{"Dur\u00e9e de lecture estim\u00e9e":"1 minute"},"schema":{"@context":"https:\/\/schema.org","@graph":[{"@type":"WebPage","@id":"https:\/\/sennse-hotel.ro\/fr\/salles-de-reunion\/","url":"https:\/\/sennse-hotel.ro\/fr\/salles-de-reunion\/","name":"Salles de r\u00e9union - Sennse Boutique Hotel","isPartOf":{"@id":"https:\/\/sennse-hotel.ro\/fr\/#website"},"primaryImageOfPage":{"@id":"https:\/\/sennse-hotel.ro\/fr\/salles-de-reunion\/#primaryimage"},"image":{"@id":"https:\/\/sennse-hotel.ro\/fr\/salles-de-reunion\/#primaryimage"},"thumbnailUrl":"https:\/\/sennse-hotel.ro\/wp-content\/uploads\/2025\/05\/CASA-ROMANA-PARTER-Untitled-20241213-180900.webp","datePublished":"2025-03-05T07:54:08+00:00","dateModified":"2025-06-17T06:59:35+00:00","breadcrumb":{"@id":"https:\/\/sennse-hotel.ro\/fr\/salles-de-reunion\/#breadcrumb"},"inLanguage":"fr-FR","potentialAction":[{"@type":"ReadAction","target":["https:\/\/sennse-hotel.ro\/fr\/salles-de-reunion\/"]}]},{"@type":"ImageObject","inLanguage":"fr-FR","@id":"https:\/\/sennse-hotel.ro\/fr\/salles-de-reunion\/#primaryimage","url":"https:\/\/sennse-hotel.ro\/wp-content\/uploads\/2025\/05\/CASA-ROMANA-PARTER-Untitled-20241213-180900.webp","contentUrl":"https:\/\/sennse-hotel.ro\/wp-content\/uploads\/2025\/05\/CASA-ROMANA-PARTER-Untitled-20241213-180900.webp","width":1600,"height":900,"caption":"Sala de sedinta 02"},{"@type":"BreadcrumbList","@id":"https:\/\/sennse-hotel.ro\/fr\/salles-de-reunion\/#breadcrumb","itemListElement":[{"@type":"ListItem","position":1,"name":"Home","item":"https:\/\/sennse-hotel.ro\/fr\/"},{"@type":"ListItem","position":2,"name":"Salles de r\u00e9union"}]},{"@type":"WebSite","@id":"https:\/\/sennse-hotel.ro\/fr\/#website","url":"https:\/\/sennse-hotel.ro\/fr\/","name":"Sennse Boutique Hotel","description":"","potentialAction":[{"@type":"SearchAction","target":{"@type":"EntryPoint","urlTemplate":"https:\/\/sennse-hotel.ro\/fr\/?s={search_term_string}"},"query-input":{"@type":"PropertyValueSpecification","valueRequired":true,"valueName":"search_term_string"}}],"inLanguage":"fr-FR"}]}},"_links":{"self":[{"href":"https:\/\/sennse-hotel.ro\/fr\/wp-json\/wp\/v2\/pages\/5896","targetHints":{"allow":["GET"]}}],"collection":[{"href":"https:\/\/sennse-hotel.ro\/fr\/wp-json\/wp\/v2\/pages"}],"about":[{"href":"https:\/\/sennse-hotel.ro\/fr\/wp-json\/wp\/v2\/types\/page"}],"author":[{"embeddable":true,"href":"https:\/\/sennse-hotel.ro\/fr\/wp-json\/wp\/v2\/users\/3"}],"replies":[{"embeddable":true,"href":"https:\/\/sennse-hotel.ro\/fr\/wp-json\/wp\/v2\/comments?post=5896"}],"version-history":[{"count":11,"href":"https:\/\/sennse-hotel.ro\/fr\/wp-json\/wp\/v2\/pages\/5896\/revisions"}],"predecessor-version":[{"id":6247,"href":"https:\/\/sennse-hotel.ro\/fr\/wp-json\/wp\/v2\/pages\/5896\/revisions\/6247"}],"wp:featuredmedia":[{"embeddable":true,"href":"https:\/\/sennse-hotel.ro\/fr\/wp-json\/wp\/v2\/media\/4375"}],"wp:attachment":[{"href":"https:\/\/sennse-hotel.ro\/fr\/wp-json\/wp\/v2\/media?parent=5896"}],"curies":[{"name":"wp","href":"https:\/\/api.w.org\/{rel}","templated":true}]}}