{"id":5910,"date":"2023-10-21T22:05:12","date_gmt":"2023-10-21T20:05:12","guid":{"rendered":"https:\/\/sennse-hotel.ro\/samuser-a-sibiu\/"},"modified":"2025-07-02T13:46:55","modified_gmt":"2025-07-02T11:46:55","slug":"samuser-a-sibiu","status":"publish","type":"page","link":"https:\/\/sennse-hotel.ro\/fr\/samuser-a-sibiu\/","title":{"rendered":"S&#8217;amuser \u00e0 Sibiu"},"content":{"rendered":"\t\t<div data-elementor-type=\"wp-page\" data-elementor-id=\"5910\" class=\"elementor elementor-5910 elementor-774\">\n\t\t\t\t<div class=\"elementor-element elementor-element-61ab61ed e-con-full e-flex e-con e-parent\" data-id=\"61ab61ed\" data-element_type=\"container\" data-settings=\"{&quot;background_background&quot;:&quot;classic&quot;}\">\n\t\t\t\t<div class=\"elementor-element elementor-element-51effc66 elementor-widget elementor-widget-patara-banner-image\" data-id=\"51effc66\" data-element_type=\"widget\" data-widget_type=\"patara-banner-image.default\">\n\t\t\t\t<div class=\"elementor-widget-container\">\n\t\t\t\t\t\t\t\n\t<!-- Header Banner -->\n\t<header class=\"header\">\n\n\t\t\t\t<div class=\"banner-header full-height valign bg-img bg-fixed text-center\" data-overlay-dark=\"5\" data-background=\"https:\/\/sennse-hotel.ro\/wp-content\/uploads\/2025\/02\/sibiu-romania5-mirela-severin.webp\">\n\t\t\t\t\t\t\t\t\t\t\t\t<div class=\"container\">\n\t\t\t\t\t<div class=\"row\">\n\t\t\t\t\t\t<div class=\"col-md-12 offset-0\">\n\t\t\t\t\t\t\t<div class=\"caption\">\n\n\t\t\t\t\t\t\t\t\t\t\t\t\t\t\t\t\n\t\t\t\t\t\t\t\t\n\t\t\t\t\t\t\t\t\t\t\t\t\t\t\t\t\t\t\t\t\t\t\t\t<h1 class=\"pt-slider-title2-class\">Que faire \u00e0 Sibiu ?<\/h1>\n\t\t\t\t\t\t\t\t\t\t\t\t\t\t\t\t\t\t\t\t\t\t\t<\/div>\t\t\t\t\t\t\n\t\t\t\t\t\t<\/div>\t\t\t\t\t\t\n\t\t\t\t\t<\/div>\n\t\t\t\t<\/div>\n\t\t\t\t\t\t\t\t<!-- button scroll -->\n\t\t\t\t<a href=\"#services\" data-scroll-nav=\"1\" class=\"mouse smoothscroll\">\n\t\t\t\t\t<span class=\"mouse-icon\">\n\t\t\t\t\t\t<span class=\"mouse-wheel\"><\/span>\n\t\t\t\t\t<\/span>\n\t\t\t\t<\/a>\t\n\t\t\t\t\t\t\t\t\t\n\t\t\t\t\t\t\n        <\/div>\t\t\t\n\t<\/header>\t\t\n\t\t\t\n    \t\t\t\t<\/div>\n\t\t\t\t<\/div>\n\t\t\t\t<\/div>\n\t\t<div class=\"elementor-element elementor-element-2d5c3ab e-flex e-con-boxed e-con e-parent\" data-id=\"2d5c3ab\" data-element_type=\"container\">\n\t\t\t\t\t<div class=\"e-con-inner\">\n\t\t\t\t<div class=\"elementor-element elementor-element-1768868 elementor-widget elementor-widget-text-editor\" data-id=\"1768868\" data-element_type=\"widget\" data-widget_type=\"text-editor.default\">\n\t\t\t\t<div class=\"elementor-widget-container\">\n\t\t\t\t\t\t\t\t\t<p>L&#8217;ennui n&#8217;a pas sa place. Dans la ville et ses environs, vous trouverez de nombreux endroits o\u00f9 passer un bon moment. Et ce, en plus des centres commerciaux et des cin\u00e9mas. Voici une liste qui vous donnera quelques informations sur la merveilleuse ville de SIBIU.   <\/p>\t\t\t\t\t\t\t\t<\/div>\n\t\t\t\t<\/div>\n\t\t\t\t\t<\/div>\n\t\t\t\t<\/div>\n\t\t<div class=\"elementor-element elementor-element-4db6243c e-flex e-con-boxed e-con e-parent\" data-id=\"4db6243c\" data-element_type=\"container\" id=\"services\" data-settings=\"{&quot;background_background&quot;:&quot;classic&quot;}\">\n\t\t\t\t\t<div class=\"e-con-inner\">\n\t\t<div class=\"elementor-element elementor-element-cf8a31d e-con-full e-flex e-con e-child\" data-id=\"cf8a31d\" data-element_type=\"container\">\n\t\t\t\t<div class=\"elementor-element elementor-element-940a3c6 elementor-widget elementor-widget-patara-services-grid\" data-id=\"940a3c6\" data-element_type=\"widget\" data-widget_type=\"patara-services-grid.default\">\n\t\t\t\t<div class=\"elementor-widget-container\">\n\t\t\t\t\t\t\t\n\t\t\t\t\n        \n\t\t\t<div class=\"sec-services services2\">\t\n\t\t\t\t\t\t\t\t<div class=\"services2 left\">\t\n\t\t\t\t\t<figure> <img decoding=\"async\" src=\"https:\/\/sennse-hotel.ro\/wp-content\/uploads\/2025\/02\/Piata_Mare.jpg\" alt=\"\" class=\"img-fluid\" \/> <\/figure>\t\t\t\t\t\n\t\t\t\t\t<div class=\"caption padding-left\">\n\t\t\t\t\t\t\t\t\t\t\t\t<h4>Grande Place Sibiu<\/h4>\n\t\t\t\t\t\t\t\n\t\t\t\t\t\t\t\t\t\t\t\t<div class=\"section-text\"><p>Le c\u0153ur de la vieille ville avec une touche de modernit\u00e9. Entour\u00e9e d'impressionnants b\u00e2timents historiques tels que le palais Brukenthal et l'h\u00f4tel de ville, la Grande Place est l'endroit id\u00e9al pour les \u00e9v\u00e9nements culturels, les foires et les promenades relaxantes. Des caf\u00e9s, des terrasses et une vue imprenable sur la ville !  <\/p><ul><li> <\/li><\/ul><\/div>\n\t\t\t\t\t\t\t\n\t\t\t\t\t\t\n\t\t\t\t\t\t\t\t\t\t\t\t<div class=\"butn-dark\"><a href=\"https:\/\/www.google.com\/maps\/dir\/Strada+Rotarilor+23,+Sibiu,+Rom%C3%A2nia\/Pia%C8%9Ba+Mare,+Sibiu+550182,+Rom%C3%A2nia\/@45.7989793,24.1519401,17z\/am=t\/data=!4m14!4m13!1m5!1m1!1s0x474c67bd807e39d5:0x9725fd3b3150bd34!2m2!1d24.1555793!2d45.8016717!1m5!1m1!1s0x474c6790c39bee75:0xfd3736b1aeb5172e!2m2!1d24.1518272!2d45.7965215!3e2?entry=ttu&#038;g_ep=EgoyMDI1MDIwNS4xIKXMDSoASAFQAw%3D%3D\" target=\"_blank\" rel=\"noopener noreferrer\"><span>Voir les d\u00e9tails de l&#039;itin\u00e9raire<\/span><\/a><\/div>\n\t\t\t\t\t\t\t\t\t\t\t\t\t\t\t\t\t\t    \n\t\t\t\t\t<\/div>\t\t\t\t\t\n\t\t\t\t<\/div>\t\t\t\t\t\n\t\t\t\t\t\t\t<\/div>\t\n\n        \t\t\n        \t\t\t\t<\/div>\n\t\t\t\t<\/div>\n\t\t\t\t<\/div>\n\t\t<div class=\"elementor-element elementor-element-235d4c4 e-con-full e-flex e-con e-child\" data-id=\"235d4c4\" data-element_type=\"container\">\n\t\t\t\t<div class=\"elementor-element elementor-element-04b1a03 elementor-widget elementor-widget-patara-services-grid\" data-id=\"04b1a03\" data-element_type=\"widget\" data-widget_type=\"patara-services-grid.default\">\n\t\t\t\t<div class=\"elementor-widget-container\">\n\t\t\t\t\t\t\t\n\t\t\t\t\n        \n\t\t\t<div class=\"sec-services services2\">\t\n\t\t\t\t\t\t\t\t<div class=\"services2 no-left\">\t\n\t\t\t\t\t<figure> <img decoding=\"async\" src=\"https:\/\/sennse-hotel.ro\/wp-content\/uploads\/2025\/02\/Sibiu-Piata-Mica.webp\" alt=\"Sibiu Piata Mica\" class=\"img-fluid\" \/> <\/figure>\t\t\t\t\t\n\t\t\t\t\t<div class=\"caption padding-left\">\n\t\t\t\t\t\t\t\t\t\t\t\t<h4>Petit march\u00e9  <\/h4>\n\t\t\t\t\t\t\t\n\t\t\t\t\t\t\t\t\t\t\t\t<div class=\"section-text\"><p>\u00c0 un jet de pierre de l\u00e0, vous trouverez la Petite Place. Reli\u00e9e par le pont des Mensonges, elle regorge de caf\u00e9s, de restaurants et de boutiques d'artisanat. <\/p><\/div>\n\t\t\t\t\t\t\t\n\t\t\t\t\t\t\n\t\t\t\t\t\t\t\t\t\t\t\t<div class=\"butn-dark\"><a href=\"https:\/\/www.google.com\/maps\/dir\/Strada+Rotarilor+23,+Sibiu,+Rom%C3%A2nia\/Pia%C8%9Ba+Mic%C4%83,+Sibiu,+Rom%C3%A2nia\/@45.7996744,24.1507261,17z\/am=t\/data=!4m14!4m13!1m5!1m1!1s0x474c67bd807e39d5:0x9725fd3b3150bd34!2m2!1d24.1555793!2d45.8016717!1m5!1m1!1s0x474c6796cb589969:0x5f8272bc2508684!2m2!1d24.1512086!2d45.7976697!3e2?entry=ttu&#038;g_ep=EgoyMDI1MDIwNS4xIKXMDSoASAFQAw%3D%3D\" target=\"_blank\" rel=\"noopener noreferrer\"><span>Voir les d\u00e9tails de l&#039;itin\u00e9raire<\/span><\/a><\/div>\n\t\t\t\t\t\t\t\t\t\t\t\t\t\t\t\t\t\t    \n\t\t\t\t\t<\/div>\t\t\t\t\t\n\t\t\t\t<\/div>\t\t\t\t\t\n\t\t\t\t\t\t\t<\/div>\t\n\n        \t\t\n        \t\t\t\t<\/div>\n\t\t\t\t<\/div>\n\t\t\t\t<\/div>\n\t\t<div class=\"elementor-element elementor-element-fc2d689 e-con-full e-flex e-con e-child\" data-id=\"fc2d689\" data-element_type=\"container\">\n\t\t\t\t<div class=\"elementor-element elementor-element-d0d38fe elementor-widget elementor-widget-patara-services-grid\" data-id=\"d0d38fe\" data-element_type=\"widget\" data-widget_type=\"patara-services-grid.default\">\n\t\t\t\t<div class=\"elementor-widget-container\">\n\t\t\t\t\t\t\t\n\t\t\t\t\n        \n\t\t\t<div class=\"sec-services services2\">\t\n\t\t\t\t\t\t\t\t<div class=\"services2 left\">\t\n\t\t\t\t\t<figure> <img decoding=\"async\" src=\"https:\/\/sennse-hotel.ro\/wp-content\/uploads\/2025\/02\/Podul-Minciunilor-Sibiu.webp\" alt=\"\" class=\"img-fluid\" \/> <\/figure>\t\t\t\t\t\n\t\t\t\t\t<div class=\"caption padding-left\">\n\t\t\t\t\t\t\t\t\t\t\t\t<h4>Le pont des mensonges<\/h4>\n\t\t\t\t\t\t\t\n\t\t\t\t\t\t\t\t\t\t\t\t<div class=\"section-text\"><p>Un symbole de la ville, une l\u00e9gende derri\u00e8re le nom. Ou plus encore. Ce pont en fer a beaucoup de l\u00e9gendes et offre une belle vue sur la place du Petit March\u00e9.  <\/p><\/div>\n\t\t\t\t\t\t\t\n\t\t\t\t\t\t\n\t\t\t\t\t\t\t\t\t\t\t\t<div class=\"butn-dark\"><a href=\"https:\/\/www.google.com\/maps\/dir\/Strada+Rotarilor+23,+Sibiu,+Rom%C3%A2nia\/Turnul+Sfatului,+Pia%C8%9Ba+Mic%C4%83+1,+Sibiu+550182,+Rom%C3%A2nia\/@45.7996557,24.1504693,17z\/am=t\/data=!4m14!4m13!1m5!1m1!1s0x474c67bd807e39d5:0x9725fd3b3150bd34!2m2!1d24.1555793!2d45.8016717!1m5!1m1!1s0x474c6796c2425c73:0xca812484b86e9c04!2m2!1d24.1521446!2d45.7976322!3e2?entry=ttu&#038;g_ep=EgoyMDI1MDIwNS4xIKXMDSoASAFQAw%3D%3D\" target=\"_blank\" rel=\"noopener noreferrer\"><span>Voir les d\u00e9tails de l&#039;itin\u00e9raire<\/span><\/a><\/div>\n\t\t\t\t\t\t\t\t\t\t\t\t\t\t\t\t\t\t    \n\t\t\t\t\t<\/div>\t\t\t\t\t\n\t\t\t\t<\/div>\t\t\t\t\t\n\t\t\t\t\t\t\t<\/div>\t\n\n        \t\t\n        \t\t\t\t<\/div>\n\t\t\t\t<\/div>\n\t\t\t\t<\/div>\n\t\t<div class=\"elementor-element elementor-element-484ecd8 e-con-full e-flex e-con e-child\" data-id=\"484ecd8\" data-element_type=\"container\">\n\t\t\t\t<div class=\"elementor-element elementor-element-88d8136 elementor-widget elementor-widget-patara-services-grid\" data-id=\"88d8136\" data-element_type=\"widget\" data-widget_type=\"patara-services-grid.default\">\n\t\t\t\t<div class=\"elementor-widget-container\">\n\t\t\t\t\t\t\t\n\t\t\t\t\n        \n\t\t\t<div class=\"sec-services services2\">\t\n\t\t\t\t\t\t\t\t<div class=\"services2 no-left\">\t\n\t\t\t\t\t<figure> <img decoding=\"async\" src=\"https:\/\/sennse-hotel.ro\/wp-content\/uploads\/2025\/02\/Turnul-Sfatului-1.webp\" alt=\"Turnul Sfatului\" class=\"img-fluid\" \/> <\/figure>\t\t\t\t\t\n\t\t\t\t\t<div class=\"caption padding-left\">\n\t\t\t\t\t\t\t\t\t\t\t\t<h4>Tour du Conseil<\/h4>\n\t\t\t\t\t\t\t\n\t\t\t\t\t\t\t\t\t\t\t\t<div class=\"section-text\"><p>Un point de vue embl\u00e9matique de Sibiu, d'o\u00f9 vous pourrez admirer des vues panoramiques sur le vieux centre-ville et les montagnes F\u0103g\u0103ra\u0219.<\/p><\/div>\n\t\t\t\t\t\t\t\n\t\t\t\t\t\t\n\t\t\t\t\t\t\t\t\t\t\t\t<div class=\"butn-dark\"><a href=\"https:\/\/webredox.net\/demo\/wp\/patara\/services-3\/\" target=\"_blank\" rel=\"noopener noreferrer\"><span>Voir les d\u00e9tails de l&#039;itin\u00e9raire<\/span><\/a><\/div>\n\t\t\t\t\t\t\t\t\t\t\t\t\t\t\t\t\t\t    \n\t\t\t\t\t<\/div>\t\t\t\t\t\n\t\t\t\t<\/div>\t\t\t\t\t\n\t\t\t\t\t\t\t<\/div>\t\n\n        \t\t\n        \t\t\t\t<\/div>\n\t\t\t\t<\/div>\n\t\t<div class=\"elementor-element elementor-element-9f10022 e-con-full e-flex e-con e-child\" data-id=\"9f10022\" data-element_type=\"container\">\n\t\t\t\t<div class=\"elementor-element elementor-element-10e6381 elementor-widget elementor-widget-patara-services-grid\" data-id=\"10e6381\" data-element_type=\"widget\" data-widget_type=\"patara-services-grid.default\">\n\t\t\t\t<div class=\"elementor-widget-container\">\n\t\t\t\t\t\t\t\n\t\t\t\t\n        \n\t\t\t<div class=\"sec-services services2\">\t\n\t\t\t\t\t\t\t\t<div class=\"services2 left\">\t\n\t\t\t\t\t<figure> <img decoding=\"async\" src=\"https:\/\/sennse-hotel.ro\/wp-content\/uploads\/2025\/02\/Catedrala-Evanghelica-Sibiu-1.webp\" alt=\"Catedrala Evanghelica Sibiu\" class=\"img-fluid\" \/> <\/figure>\t\t\t\t\t\n\t\t\t\t\t<div class=\"caption padding-left\">\n\t\t\t\t\t\t\t\t\t\t\t\t<h4>Cath\u00e9drale \u00e9vang\u00e9lique<\/h4>\n\t\t\t\t\t\t\t\n\t\t\t\t\t\t\t\t\t\t\t\t<div class=\"section-text\"><p>Un impressionnant b\u00e2timent gothique avec une fl\u00e8che qui domine le centre historique. Il vaut la peine de monter dans la tour pour avoir une vue spectaculaire. <\/p><\/div>\n\t\t\t\t\t\t\t\n\t\t\t\t\t\t\n\t\t\t\t\t\t\t\t\t\t\t\t<div class=\"butn-dark\"><a href=\"https:\/\/www.google.com\/maps\/dir\/Strada+Rotarilor+23,+Sibiu,+Rom%C3%A2nia\/Catedrala+Evanghelic%C4%83+%22Sf%C3%A2nta+Maria%22,+Piata+Albert+Huet+FN,+Sibiu+550182,+Rom%C3%A2nia\/@45.7996261,24.149443,17z\/am=t\/data=!4m14!4m13!1m5!1m1!1s0x474c67bd807e39d5:0x9725fd3b3150bd34!2m2!1d24.1555793!2d45.8016717!1m5!1m1!1s0x474c67914ae5e175:0x86ddae11b7c59885!2m2!1d24.1500967!2d45.7977427!3e2?entry=ttu&#038;g_ep=EgoyMDI1MDIwNS4xIKXMDSoASAFQAw%3D%3D\" target=\"_blank\" rel=\"noopener noreferrer\"><span>Voir les d\u00e9tails de l&#039;itin\u00e9raire<\/span><\/a><\/div>\n\t\t\t\t\t\t\t\t\t\t\t\t\t\t\t\t\t\t    \n\t\t\t\t\t<\/div>\t\t\t\t\t\n\t\t\t\t<\/div>\t\t\t\t\t\n\t\t\t\t\t\t\t<\/div>\t\n\n        \t\t\n        \t\t\t\t<\/div>\n\t\t\t\t<\/div>\n\t\t\t\t<\/div>\n\t\t\t\t<\/div>\n\t\t<div class=\"elementor-element elementor-element-a38da18 e-con-full e-flex e-con e-child\" data-id=\"a38da18\" data-element_type=\"container\">\n\t\t\t\t<div class=\"elementor-element elementor-element-12d23e0 elementor-widget elementor-widget-patara-services-grid\" data-id=\"12d23e0\" data-element_type=\"widget\" data-widget_type=\"patara-services-grid.default\">\n\t\t\t\t<div class=\"elementor-widget-container\">\n\t\t\t\t\t\t\t\n\t\t\t\t\n        \n\t\t\t<div class=\"sec-services services2\">\t\n\t\t\t\t\t\t\t\t<div class=\"services2 no-left\">\t\n\t\t\t\t\t<figure> <img decoding=\"async\" src=\"https:\/\/sennse-hotel.ro\/wp-content\/uploads\/2025\/02\/muzeu-brukenthal-clmu.webp\" alt=\"muzeu-brukenthal-clmu.webp\" class=\"img-fluid\" \/> <\/figure>\t\t\t\t\t\n\t\t\t\t\t<div class=\"caption padding-left\">\n\t\t\t\t\t\t\t\t\t\t\t\t<h4>Mus\u00e9e Brukenthal<\/h4>\n\t\t\t\t\t\t\t\n\t\t\t\t\t\t\t\t\t\t\t\t<div class=\"section-text\"><p>L'un des plus anciens mus\u00e9es d'Europe. Le mus\u00e9e Brukenthal abrite d'impressionnantes collections d'art, notamment des \u0153uvres de grands ma\u00eetres europ\u00e9ens. <\/p><\/div>\n\t\t\t\t\t\t\t\n\t\t\t\t\t\t\n\t\t\t\t\t\t\t\t\t\t\t\t<div class=\"butn-dark\"><a href=\"https:\/\/www.google.com\/maps\/dir\/Strada+Rotarilor+23,+Sibiu,+Rom%C3%A2nia\/Muzeul+Na%C8%9Bional+Brukenthal,+Pia%C8%9Ba+Mare+4+-+5,+Sibiu+550163,+Rom%C3%A2nia\/@45.799129,24.1507261,17z\/am=t\/data=!4m14!4m13!1m5!1m1!1s0x474c67bd807e39d5:0x9725fd3b3150bd34!2m2!1d24.1555793!2d45.8016717!1m5!1m1!1s0x474c679122616125:0xf8371c51f996db40!2m2!1d24.1506643!2d45.7965788!3e2?entry=ttu&#038;g_ep=EgoyMDI1MDIwNS4xIKXMDSoASAFQAw%3D%3D\" target=\"_blank\" rel=\"noopener noreferrer\"><span>Voir les d\u00e9tails de l&#039;itin\u00e9raire<\/span><\/a><\/div>\n\t\t\t\t\t\t\t\t\t\t\t\t\t\t\t\t\t\t    \n\t\t\t\t\t<\/div>\t\t\t\t\t\n\t\t\t\t<\/div>\t\t\t\t\t\n\t\t\t\t\t\t\t<\/div>\t\n\n        \t\t\n        \t\t\t\t<\/div>\n\t\t\t\t<\/div>\n\t\t<div class=\"elementor-element elementor-element-fae5989 e-con-full e-flex e-con e-child\" data-id=\"fae5989\" data-element_type=\"container\">\n\t\t\t\t<div class=\"elementor-element elementor-element-5f83496 elementor-widget elementor-widget-patara-services-grid\" data-id=\"5f83496\" data-element_type=\"widget\" data-widget_type=\"patara-services-grid.default\">\n\t\t\t\t<div class=\"elementor-widget-container\">\n\t\t\t\t\t\t\t\n\t\t\t\t\n        \n\t\t\t<div class=\"sec-services services2\">\t\n\t\t\t\t\t\t\t\t<div class=\"services2 left\">\t\n\t\t\t\t\t<figure> <img decoding=\"async\" src=\"https:\/\/sennse-hotel.ro\/wp-content\/uploads\/2025\/02\/Strada-Nicolae-Balcescu.webp\" alt=\"Strada-Nicolae-Balcescu.webp\" class=\"img-fluid\" \/> <\/figure>\t\t\t\t\t\n\t\t\t\t\t<div class=\"caption padding-left\">\n\t\t\t\t\t\t\t\t\t\t\t\t<h4>Rue Nicolae Balcescu<\/h4>\n\t\t\t\t\t\t\t\n\t\t\t\t\t\t\t\t\t\t\t\t<div class=\"section-text\"><p>La rue pi\u00e9tonne la plus anim\u00e9e de Sibiu, pleine de boutiques, de restaurants et de b\u00e2timents historiques.<\/p><\/div>\n\t\t\t\t\t\t\t\n\t\t\t\t\t\t\n\t\t\t\t\t\t\t\t\t\t\t\t<div class=\"butn-dark\"><a href=\"https:\/\/www.google.com\/maps\/dir\/Strada+Rotarilor+23,+Sibiu,+Rom%C3%A2nia\/Strada+Nicolae+B%C4%83lcescu,+Sibiu,+Rom%C3%A2nia\/@45.7980446,24.148098,16z\/am=t\/data=!4m14!4m13!1m5!1m1!1s0x474c67bd807e39d5:0x9725fd3b3150bd34!2m2!1d24.1555793!2d45.8016717!1m5!1m1!1s0x474c6790340228a5:0xd634a84e5d6669f5!2m2!1d24.1503347!2d45.7944028!3e2?entry=ttu&#038;g_ep=EgoyMDI1MDIwNS4xIKXMDSoASAFQAw%3D%3D\" target=\"_blank\" rel=\"noopener noreferrer\"><span>Voir les d\u00e9tails de l&#039;itin\u00e9raire<\/span><\/a><\/div>\n\t\t\t\t\t\t\t\t\t\t\t\t\t\t\t\t\t\t    \n\t\t\t\t\t<\/div>\t\t\t\t\t\n\t\t\t\t<\/div>\t\t\t\t\t\n\t\t\t\t\t\t\t<\/div>\t\n\n        \t\t\n        \t\t\t\t<\/div>\n\t\t\t\t<\/div>\n\t\t\t\t<\/div>\n\t\t\t\t<\/div>\n\t\t<div class=\"elementor-element elementor-element-059686c e-con-full e-flex e-con e-child\" data-id=\"059686c\" data-element_type=\"container\">\n\t\t\t\t<div class=\"elementor-element elementor-element-51d53ed elementor-widget elementor-widget-patara-services-grid\" data-id=\"51d53ed\" data-element_type=\"widget\" data-widget_type=\"patara-services-grid.default\">\n\t\t\t\t<div class=\"elementor-widget-container\">\n\t\t\t\t\t\t\t\n\t\t\t\t\n        \n\t\t\t<div class=\"sec-services services2\">\t\n\t\t\t\t\t\t\t\t<div class=\"services2 no-left\">\t\n\t\t\t\t\t<figure> <img decoding=\"async\" src=\"https:\/\/sennse-hotel.ro\/wp-content\/uploads\/2025\/02\/Biserica-Sfanta-treime-Sibiu.webp\" alt=\"Biserica Sfanta treime Sibiu\" class=\"img-fluid\" \/> <\/figure>\t\t\t\t\t\n\t\t\t\t\t<div class=\"caption padding-left\">\n\t\t\t\t\t\t\t\t\t\t\t\t<h4>Cath\u00e9drale orthodoxe<\/h4>\n\t\t\t\t\t\t\t\n\t\t\t\t\t\t\t\t\t\t\t\t<div class=\"section-text\"><p>La cath\u00e9drale orthodoxe de Grand Square, un joyau architectural inspir\u00e9 de la Sainte-Sophie d'Istanbul.<\/p><\/div>\n\t\t\t\t\t\t\t\n\t\t\t\t\t\t\n\t\t\t\t\t\t\t\t\t\t\t\t<div class=\"butn-dark\"><a href=\"https:\/\/www.google.com\/maps\/dir\/Strada+Rotarilor+23,+Sibiu,+Rom%C3%A2nia\/Catedrala+Ortodox%C4%83+%22Sf%C3%A2nta+Treime%22,+Strada+Mitropoliei+33,+Sibiu+550179,+Rom%C3%A2nia\/@45.7981665,24.1468028,16z\/am=t\/data=!4m14!4m13!1m5!1m1!1s0x474c67bd807e39d5:0x9725fd3b3150bd34!2m2!1d24.1555793!2d45.8016717!1m5!1m1!1s0x474c6791bf520009:0x17c0d01374ad68fc!2m2!1d24.1479505!2d45.794675!3e2?entry=ttu&#038;g_ep=EgoyMDI1MDIwNS4xIKXMDSoASAFQAw%3D%3D\" target=\"_blank\" rel=\"noopener noreferrer\"><span>Voir les d\u00e9tails de l&#039;itin\u00e9raire<\/span><\/a><\/div>\n\t\t\t\t\t\t\t\t\t\t\t\t\t\t\t\t\t\t    \n\t\t\t\t\t<\/div>\t\t\t\t\t\n\t\t\t\t<\/div>\t\t\t\t\t\n\t\t\t\t\t\t\t<\/div>\t\n\n        \t\t\n        \t\t\t\t<\/div>\n\t\t\t\t<\/div>\n\t\t<div class=\"elementor-element elementor-element-d18ae50 e-con-full e-flex e-con e-child\" data-id=\"d18ae50\" data-element_type=\"container\">\n\t\t\t\t<div class=\"elementor-element elementor-element-4481dd8 elementor-widget elementor-widget-patara-services-grid\" data-id=\"4481dd8\" data-element_type=\"widget\" data-widget_type=\"patara-services-grid.default\">\n\t\t\t\t<div class=\"elementor-widget-container\">\n\t\t\t\t\t\t\t\n\t\t\t\t\n        \n\t\t\t<div class=\"sec-services services2\">\t\n\t\t\t\t\t\t\t\t<div class=\"services2 left\">\t\n\t\t\t\t\t<figure> <img decoding=\"async\" src=\"https:\/\/sennse-hotel.ro\/wp-content\/uploads\/2025\/02\/pasajul_scarilor.webp\" alt=\"Pasajul scarilor sibiu\" class=\"img-fluid\" \/> <\/figure>\t\t\t\t\t\n\t\t\t\t\t<div class=\"caption padding-left\">\n\t\t\t\t\t\t\t\t\t\t\t\t<h4>Le passage de l&#039;escalier<\/h4>\n\t\t\t\t\t\t\t\n\t\t\t\t\t\t\t\t\t\t\t\t<div class=\"section-text\"><p>Une place pittoresque reliant la ville basse \u00e0 la ville haute, avec des escaliers en pierre et des b\u00e2timents m\u00e9di\u00e9vaux.<\/p><\/div>\n\t\t\t\t\t\t\t\n\t\t\t\t\t\t\n\t\t\t\t\t\t\t\t\t\t\t\t<div class=\"butn-dark\"><a href=\"https:\/\/www.google.com\/maps\/dir\/Strada+Rotarilor+23,+Sibiu,+Rom%C3%A2nia\/Pasajul+Sc%C4%83rilor,+Sibiu,+Rom%C3%A2nia\/@45.799906,24.149443,17z\/am=t\/data=!4m14!4m13!1m5!1m1!1s0x474c67bd807e39d5:0x9725fd3b3150bd34!2m2!1d24.1555793!2d45.8016717!1m5!1m1!1s0x474c6791519c899f:0x8f0da664206e72b1!2m2!1d24.1493521!2d45.7976525!3e2?entry=ttu&#038;g_ep=EgoyMDI1MDIwNS4xIKXMDSoASAFQAw%3D%3D\" target=\"_blank\" rel=\"noopener noreferrer\"><span>Voir les d\u00e9tails de l&#039;itin\u00e9raire<\/span><\/a><\/div>\n\t\t\t\t\t\t\t\t\t\t\t\t\t\t\t\t\t\t    \n\t\t\t\t\t<\/div>\t\t\t\t\t\n\t\t\t\t<\/div>\t\t\t\t\t\n\t\t\t\t\t\t\t<\/div>\t\n\n        \t\t\n        \t\t\t\t<\/div>\n\t\t\t\t<\/div>\n\t\t\t\t<\/div>\n\t\t\t\t<\/div>\n\t\t<div class=\"elementor-element elementor-element-10f916e e-con-full e-flex e-con e-child\" data-id=\"10f916e\" data-element_type=\"container\">\n\t\t\t\t<div class=\"elementor-element elementor-element-44fae4e elementor-widget elementor-widget-patara-services-grid\" data-id=\"44fae4e\" data-element_type=\"widget\" data-widget_type=\"patara-services-grid.default\">\n\t\t\t\t<div class=\"elementor-widget-container\">\n\t\t\t\t\t\t\t\n\t\t\t\t\n        \n\t\t\t<div class=\"sec-services services2\">\t\n\t\t\t\t\t\t\t\t<div class=\"services2 no-left\">\t\n\t\t\t\t\t<figure> <img decoding=\"async\" src=\"https:\/\/sennse-hotel.ro\/wp-content\/uploads\/2025\/02\/Muzeul-Astra-Sibiu.webp\" alt=\"Muzeul Astra Sibiu\" class=\"img-fluid\" \/> <\/figure>\t\t\t\t\t\n\t\t\t\t\t<div class=\"caption padding-left\">\n\t\t\t\t\t\t\t\t\t\t\t\t<h4>Mus\u00e9e ASTRA (Mus\u00e9e de la civilisation populaire traditionnelle)<\/h4>\n\t\t\t\t\t\t\t\n\t\t\t\t\t\t\t\t\t\t\t\t<div class=\"section-text\"><p>Situ\u00e9 dans la for\u00eat de Dumbrava Sibiului, il s'agit du plus grand mus\u00e9e en plein air d'Europe, offrant un aper\u00e7u de la vie traditionnelle roumaine.<\/p><\/div>\n\t\t\t\t\t\t\t\n\t\t\t\t\t\t\n\t\t\t\t\t\t\t\t\t\t\t\t<div class=\"butn-dark\"><a href=\"https:\/\/www.google.com\/maps\/dir\/Strada+Rotarilor+23,+Sibiu,+Rom%C3%A2nia\/Muzeul+ASTRA,+Strada+P%C4%83durea+Dumbrava+16,+Sibiu+550399,+Rom%C3%A2nia\/@45.7786492,24.1195207,14z\/am=t\/data=!4m14!4m13!1m5!1m1!1s0x474c67bd807e39d5:0x9725fd3b3150bd34!2m2!1d24.1555793!2d45.8016717!1m5!1m1!1s0x474c679132bda2dd:0x4e4f29bc22ce5c1e!2m2!1d24.1160552!2d45.7551524!3e0?entry=ttu&#038;g_ep=EgoyMDI1MDIwNS4xIKXMDSoASAFQAw%3D%3D\" target=\"_blank\" rel=\"noopener noreferrer\"><span>Voir les d\u00e9tails de l&#039;itin\u00e9raire<\/span><\/a><\/div>\n\t\t\t\t\t\t\t\t\t\t\t\t\t\t\t\t\t\t    \n\t\t\t\t\t<\/div>\t\t\t\t\t\n\t\t\t\t<\/div>\t\t\t\t\t\n\t\t\t\t\t\t\t<\/div>\t\n\n        \t\t\n        \t\t\t\t<\/div>\n\t\t\t\t<\/div>\n\t\t<div class=\"elementor-element elementor-element-b8fad3d e-con-full e-flex e-con e-child\" data-id=\"b8fad3d\" data-element_type=\"container\">\n\t\t\t\t<div class=\"elementor-element elementor-element-de50c84 elementor-widget elementor-widget-patara-services-grid\" data-id=\"de50c84\" data-element_type=\"widget\" data-widget_type=\"patara-services-grid.default\">\n\t\t\t\t<div class=\"elementor-widget-container\">\n\t\t\t\t\t\t\t\n\t\t\t\t\n        \n\t\t\t<div class=\"sec-services services2\">\t\n\t\t\t\t\t\t\t\t<div class=\"services2 left\">\t\n\t\t\t\t\t<figure> <img decoding=\"async\" src=\"https:\/\/sennse-hotel.ro\/wp-content\/uploads\/2025\/02\/Zoo-Sibiu.webp\" alt=\"Zoo Sibiu\" class=\"img-fluid\" \/> <\/figure>\t\t\t\t\t\n\t\t\t\t\t<div class=\"caption padding-left\">\n\t\t\t\t\t\t\t\t\t\t\t\t<h4>Zoo de Sibiu et lac Dumbrava<\/h4>\n\t\t\t\t\t\t\t\n\t\t\t\t\t\t\t\t\t\t\t\t<div class=\"section-text\"><p>Un endroit parfait pour les familles dans un cadre naturel magnifique, id\u00e9al pour se d\u00e9tendre et se promener.<\/p><\/div>\n\t\t\t\t\t\t\t\n\t\t\t\t\t\t\n\t\t\t\t\t\t\t\t\t\t\t\t<div class=\"butn-dark\"><a href=\"https:\/\/www.google.com\/maps\/dir\/Strada+Rotarilor+23,+Sibiu,+Rom%C3%A2nia\/Zoo+Sibiu,+vis+a+vis+de+hotel+Hilton,+Calea+Dumbr%C4%83vii,+Sibiu,+Rom%C3%A2nia\/@45.7802278,24.0958981,13z\/am=t\/data=!4m14!4m13!1m5!1m1!1s0x474c67bd807e39d5:0x9725fd3b3150bd34!2m2!1d24.1555793!2d45.8016717!1m5!1m1!1s0x474c5d11ef4dbe3d:0x3ba19a098e088c01!2m2!1d24.1237861!2d45.7626661!3e0?entry=ttu&#038;g_ep=EgoyMDI1MDIwNS4xIKXMDSoASAFQAw%3D%3D\" target=\"_blank\" rel=\"noopener noreferrer\"><span>Voir les d\u00e9tails de l&#039;itin\u00e9raire<\/span><\/a><\/div>\n\t\t\t\t\t\t\t\t\t\t\t\t\t\t\t\t\t\t    \n\t\t\t\t\t<\/div>\t\t\t\t\t\n\t\t\t\t<\/div>\t\t\t\t\t\n\t\t\t\t\t\t\t<\/div>\t\n\n        \t\t\n        \t\t\t\t<\/div>\n\t\t\t\t<\/div>\n\t\t\t\t<\/div>\n\t\t\t\t<\/div>\n\t\t<div class=\"elementor-element elementor-element-7421510 e-con-full e-flex e-con e-child\" data-id=\"7421510\" data-element_type=\"container\">\n\t\t\t\t<div class=\"elementor-element elementor-element-90cb7b9 elementor-widget elementor-widget-patara-services-grid\" data-id=\"90cb7b9\" data-element_type=\"widget\" data-widget_type=\"patara-services-grid.default\">\n\t\t\t\t<div class=\"elementor-widget-container\">\n\t\t\t\t\t\t\t\n\t\t\t\t\n        \n\t\t\t<div class=\"sec-services services2\">\t\n\t\t\t\t\t\t\t\t<div class=\"services2 no-left\">\t\n\t\t\t\t\t<figure> <img decoding=\"async\" src=\"https:\/\/sennse-hotel.ro\/wp-content\/uploads\/2025\/02\/Parcul-Cetatii-Sibiu.webp\" alt=\"Parcul-Cetatii-Sibiu.webp\" class=\"img-fluid\" \/> <\/figure>\t\t\t\t\t\n\t\t\t\t\t<div class=\"caption padding-left\">\n\t\t\t\t\t\t\t\t\t\t\t\t<h4>Rue de la Citadelle \/ Parc de la Citadelle<\/h4>\n\t\t\t\t\t\t\t\n\t\t\t\t\t\t\t\t\t\t\t\t<div class=\"section-text\"><p>Connue pour ses murs m\u00e9di\u00e9vaux bien pr\u00e9serv\u00e9s et ses tours historiques, c'est un endroit id\u00e9al pour une promenade romantique.<\/p><\/div>\n\t\t\t\t\t\t\t\n\t\t\t\t\t\t\n\t\t\t\t\t\t\t\t\t\t\t\t<div class=\"butn-dark\"><a href=\"https:\/\/www.google.com\/maps\/dir\/Strada+Rotarilor+23,+Sibiu,+Rom%C3%A2nia\/Parcul+Cet%C4%83%C8%9Bii,+Bulevardul+Corneliu+Coposu,+Sibiu,+Rom%C3%A2nia\/@45.7978532,24.150033,16z\/am=t\/data=!4m14!4m13!1m5!1m1!1s0x474c67bd807e39d5:0x9725fd3b3150bd34!2m2!1d24.1555793!2d45.8016717!1m5!1m1!1s0x474c679009246f51:0x3ba9f01a4c22464a!2m2!1d24.1522771!2d45.7934101!3e0?entry=ttu&#038;g_ep=EgoyMDI1MDIwNS4xIKXMDSoASAFQAw%3D%3D\" target=\"_blank\" rel=\"noopener noreferrer\"><span>Voir les d\u00e9tails de l&#039;itin\u00e9raire<\/span><\/a><\/div>\n\t\t\t\t\t\t\t\t\t\t\t\t\t\t\t\t\t\t    \n\t\t\t\t\t<\/div>\t\t\t\t\t\n\t\t\t\t<\/div>\t\t\t\t\t\n\t\t\t\t\t\t\t<\/div>\t\n\n        \t\t\n        \t\t\t\t<\/div>\n\t\t\t\t<\/div>\n\t\t<div class=\"elementor-element elementor-element-c72d224 e-con-full e-flex e-con e-child\" data-id=\"c72d224\" data-element_type=\"container\">\n\t\t\t\t<div class=\"elementor-element elementor-element-abe46bf elementor-widget elementor-widget-patara-services-grid\" data-id=\"abe46bf\" data-element_type=\"widget\" data-widget_type=\"patara-services-grid.default\">\n\t\t\t\t<div class=\"elementor-widget-container\">\n\t\t\t\t\t\t\t\n\t\t\t\t\n        \n\t\t\t<div class=\"sec-services services2\">\t\n\t\t\t\t\t\t\t\t<div class=\"services2 left\">\t\n\t\t\t\t\t<figure> <img decoding=\"async\" src=\"https:\/\/sennse-hotel.ro\/wp-content\/uploads\/2025\/02\/parcul-sub-arini-1.webp\" alt=\"Parcul Sub Arini Sibiu\" class=\"img-fluid\" \/> <\/figure>\t\t\t\t\t\n\t\t\t\t\t<div class=\"caption padding-left\">\n\t\t\t\t\t\t\t\t\t\t\t\t<h4>Parc Sub Arini<\/h4>\n\t\t\t\t\t\t\t\n\t\t\t\t\t\t\t\t\t\t\t\t<div class=\"section-text\"><p>Un lieu de d\u00e9tente et d'air frais, id\u00e9al pour les promenades dans la nature.<\/p><p> <\/p><\/div>\n\t\t\t\t\t\t\t\n\t\t\t\t\t\t\n\t\t\t\t\t\t\t\t\t\t\t\t<div class=\"butn-dark\"><a href=\"https:\/\/www.google.com\/maps\/dir\/Strada+Rotarilor+23,+Sibiu,+Rom%C3%A2nia\/Parcul+Cet%C4%83%C8%9Bii,+Bulevardul+Corneliu+Coposu,+Sibiu,+Rom%C3%A2nia\/@45.797545,24.1502614,16z\/am=t\/data=!4m14!4m13!1m5!1m1!1s0x474c67bd807e39d5:0x9725fd3b3150bd34!2m2!1d24.1555793!2d45.8016717!1m5!1m1!1s0x474c679009246f51:0x3ba9f01a4c22464a!2m2!1d24.1522771!2d45.7934101!3e2?entry=ttu&#038;g_ep=EgoyMDI1MDIwNS4xIKXMDSoASAFQAw%3D%3D\" target=\"_blank\" rel=\"noopener noreferrer\"><span>Voir les d\u00e9tails de l&#039;itin\u00e9raire<\/span><\/a><\/div>\n\t\t\t\t\t\t\t\t\t\t\t\t\t\t\t\t\t\t    \n\t\t\t\t\t<\/div>\t\t\t\t\t\n\t\t\t\t<\/div>\t\t\t\t\t\n\t\t\t\t\t\t\t<\/div>\t\n\n        \t\t\n        \t\t\t\t<\/div>\n\t\t\t\t<\/div>\n\t\t\t\t<\/div>\n\t\t\t\t<\/div>\n\t\t<div class=\"elementor-element elementor-element-cc51089 e-con-full e-flex e-con e-child\" data-id=\"cc51089\" data-element_type=\"container\">\n\t\t\t\t<div class=\"elementor-element elementor-element-0deaa27 elementor-widget elementor-widget-patara-services-grid\" data-id=\"0deaa27\" data-element_type=\"widget\" data-widget_type=\"patara-services-grid.default\">\n\t\t\t\t<div class=\"elementor-widget-container\">\n\t\t\t\t\t\t\t\n\t\t\t\t\n        \n\t\t\t<div class=\"sec-services services2\">\t\n\t\t\t\t\t\t\t\t<div class=\"services2 no-left\">\t\n\t\t\t\t\t<figure> <img decoding=\"async\" src=\"https:\/\/sennse-hotel.ro\/wp-content\/uploads\/2025\/02\/MArginimea-Sibiului.webp\" alt=\"MArginimea-Sibiului\" class=\"img-fluid\" \/> <\/figure>\t\t\t\t\t\n\t\t\t\t\t<div class=\"caption padding-left\">\n\t\t\t\t\t\t\t\t\t\t\t\t<h4>Le bord de Sibiu<\/h4>\n\t\t\t\t\t\t\t\n\t\t\t\t\t\t\t\t\t\t\t\t<div class=\"section-text\"><p>\u00c0 l'ext\u00e9rieur de la ville, vous trouverez une r\u00e9gion pittoresque compos\u00e9e de villages roumains traditionnels, connue pour ses magnifiques paysages et son authentique culture pastorale.<\/p><\/div>\n\t\t\t\t\t\t\t\n\t\t\t\t\t\t\n\t\t\t\t\t\t\t\t\t\t\t\t<div class=\"butn-dark\"><a href=\"\" target=\"_blank\" rel=\"noopener noreferrer\"><span>Voir les d\u00e9tails de l&#039;itin\u00e9raire<\/span><\/a><\/div>\n\t\t\t\t\t\t\t\t\t\t\t\t\t\t\t\t\t\t    \n\t\t\t\t\t<\/div>\t\t\t\t\t\n\t\t\t\t<\/div>\t\t\t\t\t\n\t\t\t\t\t\t\t<\/div>\t\n\n        \t\t\n        \t\t\t\t<\/div>\n\t\t\t\t<\/div>\n\t\t<div class=\"elementor-element elementor-element-db350c3 e-con-full e-flex e-con e-child\" data-id=\"db350c3\" data-element_type=\"container\">\n\t\t\t\t<div class=\"elementor-element elementor-element-9e2a7a9 elementor-widget elementor-widget-patara-services-grid\" data-id=\"9e2a7a9\" data-element_type=\"widget\" data-widget_type=\"patara-services-grid.default\">\n\t\t\t\t<div class=\"elementor-widget-container\">\n\t\t\t\t\t\t\t\n\t\t\t\t\n        \n\t\t\t<div class=\"sec-services services2\">\t\n\t\t\t\t\t\t\t\t<div class=\"services2 left\">\t\n\t\t\t\t\t<figure> <img decoding=\"async\" src=\"https:\/\/sennse-hotel.ro\/wp-content\/uploads\/2025\/02\/Paltinis-Sibiu.webp\" alt=\"Paltinis Sibiu\" class=\"img-fluid\" \/> <\/figure>\t\t\t\t\t\n\t\t\t\t\t<div class=\"caption padding-left\">\n\t\t\t\t\t\t\t\t\t\t\t\t<h4>Paltini\u0219<\/h4>\n\t\t\t\t\t\t\t\n\t\t\t\t\t\t\t\t\t\t\t\t<div class=\"section-text\"><p>La plus ancienne station de montagne de Roumanie, situ\u00e9e \u00e0 environ 30 km de Sibiu, est id\u00e9ale pour la randonn\u00e9e et la d\u00e9tente.<\/p><\/div>\n\t\t\t\t\t\t\t\n\t\t\t\t\t\t\n\t\t\t\t\t\t\t\t\t\t\t\t<div class=\"butn-dark\"><a href=\"https:\/\/www.google.com\/maps\/dir\/Strada+Rotarilor+23,+Sibiu,+Rom%C3%A2nia\/P%C4%83ltini%C8%99,+550001,+Rom%C3%A2nia\/@45.7287798,23.9594642,12z\/am=t\/data=!4m14!4m13!1m5!1m1!1s0x474c67bd807e39d5:0x9725fd3b3150bd34!2m2!1d24.1555793!2d45.8016717!1m5!1m1!1s0x474c4f837498974f:0xe86af4856019b0e8!2m2!1d23.9300174!2d45.6550977!3e0?entry=ttu&#038;g_ep=EgoyMDI1MDIwNS4xIKXMDSoASAFQAw%3D%3D\" target=\"_blank\" rel=\"noopener noreferrer\"><span>Voir les d\u00e9tails de l&#039;itin\u00e9raire<\/span><\/a><\/div>\n\t\t\t\t\t\t\t\t\t\t\t\t\t\t\t\t\t\t    \n\t\t\t\t\t<\/div>\t\t\t\t\t\n\t\t\t\t<\/div>\t\t\t\t\t\n\t\t\t\t\t\t\t<\/div>\t\n\n        \t\t\n        \t\t\t\t<\/div>\n\t\t\t\t<\/div>\n\t\t\t\t<\/div>\n\t\t\t\t<\/div>\n\t\t<div class=\"elementor-element elementor-element-8ce3974 e-con-full e-flex e-con e-child\" data-id=\"8ce3974\" data-element_type=\"container\">\n\t\t\t\t<div class=\"elementor-element elementor-element-2ad5462 elementor-widget elementor-widget-patara-services-grid\" data-id=\"2ad5462\" data-element_type=\"widget\" data-widget_type=\"patara-services-grid.default\">\n\t\t\t\t<div class=\"elementor-widget-container\">\n\t\t\t\t\t\t\t\n\t\t\t\t\n        \n\t\t\t<div class=\"sec-services services2\">\t\n\t\t\t\t\t\t\t\t<div class=\"services2 no-left\">\t\n\t\t\t\t\t<figure> <img decoding=\"async\" src=\"https:\/\/sennse-hotel.ro\/wp-content\/uploads\/2025\/02\/Castelul-de-lut.webp\" alt=\"\" class=\"img-fluid\" \/> <\/figure>\t\t\t\t\t\n\t\t\t\t\t<div class=\"caption padding-left\">\n\t\t\t\t\t\t\t\t\t\t\t\t<h4>Ch\u00e2teau de Lut dans la vall\u00e9e des f\u00e9es<\/h4>\n\t\t\t\t\t\t\t\n\t\t\t\t\t\t\t\t\t\t\t\t<div class=\"section-text\"><p>Une destination de conte de f\u00e9es pr\u00e8s de Sibiu avec une architecture unique inspir\u00e9e des contes de f\u00e9es.<\/p><\/div>\n\t\t\t\t\t\t\t\n\t\t\t\t\t\t\n\t\t\t\t\t\t\t\t\t\t\t\t<div class=\"butn-dark\"><a href=\"https:\/\/www.google.com\/maps\/dir\/Strada+Rotarilor+23,+Sibiu,+Rom%C3%A2nia\/Restaurant+Castelul+de+Lut,+Valea+Z%C3%A2nelor,+Porumbacu+de+Sus,+Rom%C3%A2nia\/@45.7487271,24.243052,12z\/am=t\/data=!4m14!4m13!1m5!1m1!1s0x474c67bd807e39d5:0x9725fd3b3150bd34!2m2!1d24.1555793!2d45.8016717!1m5!1m1!1s0x474cf2ba9fe14ae7:0x3fd9fb39f13c0db7!2m2!1d24.4961354!2d45.6945092!3e0?entry=ttu&#038;g_ep=EgoyMDI1MDIwNS4xIKXMDSoASAFQAw%3D%3D\" target=\"_blank\" rel=\"noopener noreferrer\"><span>Voir les d\u00e9tails de l&#039;itin\u00e9raire<\/span><\/a><\/div>\n\t\t\t\t\t\t\t\t\t\t\t\t\t\t\t\t\t\t    \n\t\t\t\t\t<\/div>\t\t\t\t\t\n\t\t\t\t<\/div>\t\t\t\t\t\n\t\t\t\t\t\t\t<\/div>\t\n\n        \t\t\n        \t\t\t\t<\/div>\n\t\t\t\t<\/div>\n\t\t<div class=\"elementor-element elementor-element-14ffc16 e-con-full e-flex e-con e-child\" data-id=\"14ffc16\" data-element_type=\"container\">\n\t\t\t\t<div class=\"elementor-element elementor-element-d37f9bd elementor-widget elementor-widget-patara-services-grid\" data-id=\"d37f9bd\" data-element_type=\"widget\" data-widget_type=\"patara-services-grid.default\">\n\t\t\t\t<div class=\"elementor-widget-container\">\n\t\t\t\t\t\t\t\n\t\t\t\t\n        \n\t\t\t<div class=\"sec-services services2\">\t\n\t\t\t\t\t\t\t\t<div class=\"services2 left\">\t\n\t\t\t\t\t<figure> <img decoding=\"async\" src=\"https:\/\/sennse-hotel.ro\/wp-content\/uploads\/2025\/07\/Transfagarasan2.webp\" alt=\"transfagarasan image\" class=\"img-fluid\" \/> <\/figure>\t\t\t\t\t\n\t\t\t\t\t<div class=\"caption padding-left\">\n\t\t\t\t\t\t\t\t\t\t\t\t<h4>Transf\u0103g\u0103r\u0103\u0219an<\/h4>\n\t\t\t\t\t\t\t\n\t\t\t\t\t\t\t\t\t\t\t\t<div class=\"section-text\"><p>L'une des routes de montagne les plus spectaculaires au monde, \u00e0 quelques encablures de Sibiu, offrant des vues imprenables.<\/p><\/div>\n\t\t\t\t\t\t\t\n\t\t\t\t\t\t\n\t\t\t\t\t\t\t\t\t\t\t\t<div class=\"butn-dark\"><a href=\"https:\/\/www.google.com\/maps\/dir\/Strada+Rotarilor+23,+Sibiu,+Rom%C3%A2nia\/Transf%C4%83g%C4%83r%C4%83%C8%99an,+Rom%C3%A2nia\/@45.4859998,24.0833577,10z\/am=t\/data=!3m1!4b1!4m14!4m13!1m5!1m1!1s0x474c67bd807e39d5:0x9725fd3b3150bd34!2m2!1d24.1555793!2d45.8016717!1m5!1m1!1s0x474cddaa384c96af:0x50517e7abd608737!2m2!1d24.6248668!2d45.4533844!3e0?entry=ttu&#038;g_ep=EgoyMDI1MDIwNS4xIKXMDSoASAFQAw%3D%3D\" target=\"_blank\" rel=\"noopener noreferrer\"><span>Voir les d\u00e9tails de l&#039;itin\u00e9raire<\/span><\/a><\/div>\n\t\t\t\t\t\t\t\t\t\t\t\t\t\t\t\t\t\t    \n\t\t\t\t\t<\/div>\t\t\t\t\t\n\t\t\t\t<\/div>\t\t\t\t\t\n\t\t\t\t\t\t\t<\/div>\t\n\n        \t\t\n        \t\t\t\t<\/div>\n\t\t\t\t<\/div>\n\t\t\t\t<\/div>\n\t\t\t\t<\/div>\n\t\t<div class=\"elementor-element elementor-element-36e5041 e-con-full e-flex e-con e-child\" data-id=\"36e5041\" data-element_type=\"container\">\n\t\t\t\t<div class=\"elementor-element elementor-element-27a095f elementor-widget elementor-widget-patara-services-grid\" data-id=\"27a095f\" data-element_type=\"widget\" data-widget_type=\"patara-services-grid.default\">\n\t\t\t\t<div class=\"elementor-widget-container\">\n\t\t\t\t\t\t\t\n\t\t\t\t\n        \n\t\t\t<div class=\"sec-services services2\">\t\n\t\t\t\t\t\t\t\t<div class=\"services2 no-left\">\t\n\t\t\t\t\t<figure> <img decoding=\"async\" src=\"https:\/\/sennse-hotel.ro\/wp-content\/uploads\/2025\/02\/Ocna-Sibiului.webp\" alt=\"Ocna-Sibiului\" class=\"img-fluid\" \/> <\/figure>\t\t\t\t\t\n\t\t\t\t\t<div class=\"caption padding-left\">\n\t\t\t\t\t\t\t\t\t\t\t\t<h4>Ocna Sibiului<\/h4>\n\t\t\t\t\t\t\t\n\t\t\t\t\t\t\t\t\t\t\t\t<div class=\"section-text\"><p>Destination thermale r\u00e9put\u00e9e pour ses lacs sal\u00e9s aux vertus th\u00e9rapeutiques, id\u00e9ale pour se d\u00e9tendre.<\/p><\/div>\n\t\t\t\t\t\t\t\n\t\t\t\t\t\t\n\t\t\t\t\t\t\t\t\t\t\t\t<div class=\"butn-dark\"><a href=\"https:\/\/www.google.com\/maps\/dir\/Strada+Rotarilor+23,+Sibiu,+Rom%C3%A2nia\/Ocna+Sibiului,+Rom%C3%A2nia\/@45.8386077,24.0624015,13z\/am=t\/data=!3m1!4b1!4m14!4m13!1m5!1m1!1s0x474c67bd807e39d5:0x9725fd3b3150bd34!2m2!1d24.1555793!2d45.8016717!1m5!1m1!1s0x474c69556848ffcf:0x30890d2b2036c612!2m2!1d24.0654513!2d45.8746227!3e0?entry=ttu&#038;g_ep=EgoyMDI1MDIwNS4xIKXMDSoASAFQAw%3D%3D\" target=\"_blank\" rel=\"noopener noreferrer\"><span>Voir les d\u00e9tails de l&#039;itin\u00e9raire<\/span><\/a><\/div>\n\t\t\t\t\t\t\t\t\t\t\t\t\t\t\t\t\t\t    \n\t\t\t\t\t<\/div>\t\t\t\t\t\n\t\t\t\t<\/div>\t\t\t\t\t\n\t\t\t\t\t\t\t<\/div>\t\n\n        \t\t\n        \t\t\t\t<\/div>\n\t\t\t\t<\/div>\n\t\t<div class=\"elementor-element elementor-element-d484e78 e-con-full e-flex e-con e-child\" data-id=\"d484e78\" data-element_type=\"container\">\n\t\t\t\t<div class=\"elementor-element elementor-element-a16578a elementor-widget elementor-widget-patara-services-grid\" data-id=\"a16578a\" data-element_type=\"widget\" data-widget_type=\"patara-services-grid.default\">\n\t\t\t\t<div class=\"elementor-widget-container\">\n\t\t\t\t\t\t\t\n\t\t\t\t\n        \n\t\t\t<div class=\"sec-services services2\">\t\n\t\t\t\t\t\t\t\t<div class=\"services2 left\">\t\n\t\t\t\t\t<figure> <img decoding=\"async\" src=\"https:\/\/sennse-hotel.ro\/wp-content\/uploads\/2025\/02\/balea-lac-trasee-obiective-turistice-1.webp\" alt=\"balea-lac-trasee-obiective-turistice-1\" class=\"img-fluid\" \/> <\/figure>\t\t\t\t\t\n\t\t\t\t\t<div class=\"caption padding-left\">\n\t\t\t\t\t\t\t\t\t\t\t\t<h4>Cascade de B\u00e2lea et lac de B\u00e2lea<\/h4>\n\t\t\t\t\t\t\t\n\t\t\t\t\t\t\t\t\t\t\t\t<div class=\"section-text\"><ul><li>Un lac glaciaire spectaculaire dans les montagnes F\u0103g\u0103ra\u0219, accessible par Transf\u0103g\u0103r\u0103\u0219an ou t\u00e9l\u00e9ph\u00e9rique.<\/li><\/ul><\/div>\n\t\t\t\t\t\t\t\n\t\t\t\t\t\t\n\t\t\t\t\t\t\t\t\t\t\t\t<div class=\"butn-dark\"><a href=\"https:\/\/www.google.com\/maps\/dir\/Strada+Rotarilor+23,+Sibiu,+Rom%C3%A2nia\/Lacul+B%C3%A2lea,+Rom%C3%A2nia\/@45.7028585,24.222584,11z\/am=t\/data=!4m14!4m13!1m5!1m1!1s0x474c67bd807e39d5:0x9725fd3b3150bd34!2m2!1d24.1555793!2d45.8016717!1m5!1m1!1s0x474cebd31614f2d7:0xd45aaeb4360b0664!2m2!1d24.6170796!2d45.6031928!3e0?entry=ttu&#038;g_ep=EgoyMDI1MDIwNS4xIKXMDSoASAFQAw%3D%3D\" target=\"_blank\" rel=\"noopener noreferrer\"><span>Voir les d\u00e9tails de l&#039;itin\u00e9raire<\/span><\/a><\/div>\n\t\t\t\t\t\t\t\t\t\t\t\t\t\t\t\t\t\t    \n\t\t\t\t\t<\/div>\t\t\t\t\t\n\t\t\t\t<\/div>\t\t\t\t\t\n\t\t\t\t\t\t\t<\/div>\t\n\n        \t\t\n        \t\t\t\t<\/div>\n\t\t\t\t<\/div>\n\t\t\t\t<\/div>\n\t\t\t\t<\/div>\n\t\t\t\t\t<\/div>\n\t\t\t\t<\/div>\n\t\t<div class=\"elementor-element elementor-element-17e4a4a e-flex e-con-boxed e-con e-parent\" data-id=\"17e4a4a\" data-element_type=\"container\" data-settings=\"{&quot;background_background&quot;:&quot;classic&quot;}\">\n\t\t\t\t\t<div class=\"e-con-inner\">\n\t\t\t\t<div class=\"elementor-element elementor-element-5df8f03d elementor-widget elementor-widget-patara-room-search\" data-id=\"5df8f03d\" data-element_type=\"widget\" data-widget_type=\"patara-room-search.default\">\n\t\t\t\t<div class=\"elementor-widget-container\">\n\t\t\t\t\t\t\t\n\t\t\t<div class=\"booking-inner clearfix\">\n    <form action=\"https:\/\/sennse-hotel.ro\/fr\/\" class=\"form1 clearfix\">\n        <div class=\"col0 c1\">\n\t\t\t<input type=\"hidden\" name=\"s\" value=\"\" \/>\n            <div class=\"input1_wrapper border-l border-b border-t border-r\">\n                <label>Check In<\/label>\n                <div class=\"input1_inner\">\n                    <input name=\"room_checkin_ids\" type=\"text\" class=\"form-control input datepicker\" value=\"2026-04-29\" placeholder=\"Check In\" autocomplete=\"off\" data-rn-cl-months='[\"January\",\"February\",\"March\",\"April\",\"May\", \"June\",\"July\",\"August\",\"September\",\"October\",\"November\",\"December\"]' data-rn-cl-date='[\"Su\",\"Mo\",\"Tu\",\"We\",\"Th\",\"Fr\",\"Sa\"]' data-rn-start-date=\"1\">\n                <\/div>\n            <\/div>\n        <\/div>\n        <div class=\"col0 c1\">\n            <div class=\"input1_wrapper border-l border-b border-t border-r\">\n                <label>Check out<\/label>\n                    <div class=\"input1_inner\">\n                        <input name=\"room_checkout_ids\" type=\"text\" class=\"form-control input datepicker\" value=\"2026-04-30\" placeholder=\"Check out\" autocomplete=\"off\" data-rn-cl-months='[\"January\",\"February\",\"March\",\"April\",\"May\", \"June\",\"July\",\"August\",\"September\",\"October\",\"November\",\"December\"]' data-rn-cl-date='[\"Su\",\"Mo\",\"Tu\",\"We\",\"Th\",\"Fr\",\"Sa\"]' data-rn-start-date=\"1\">\n                    <\/div>\n            <\/div>\n        <\/div>\t\t        <div class=\"col1 c1\">\n            <div class=\"select1_wrapper border-l border-b border-t border-r\">\n                <label>Adult<\/label>\n                <div class=\"select1_inner\">\n                    <select id=\"room_adult_ids\" name=\"room_adult_ids\" class=\"select2 select\" style=\"width: 100%\" onchange=\"onAdultsUpdate()\">\n                        \t\t\t\t\t\t<option value=\"90\">1 Adulte<\/option>\n\t\t\t\t\t\t\t\t\t\t\t\t<option value=\"91\">2 Adultes<\/option>\n\t\t\t\t\t\t                    <\/select>\n                <\/div>\n            <\/div>\n        <\/div>\n\t\t\t\t\t\t        <div class=\"col1 c1\">\n            <input type=\"hidden\" name=\"post_type\" value=\"product\" \/>\n\t\t\t<script type=\"text\/javascript\">\n\t\t\t\tfunction getBookingDetails() {\n\t\t\t\t\tvar adultsAsString = jQuery('#room_adult_ids').select2('data')[0].text;\n\t\t\t\t\tvar childrenAsString = \"0\"; \/\/ jQuery('#room_children_ids').select2('data')[0].text;\n\t\t\t\t\tvar checkInDate = jQuery('input[name^=room_checkin_ids]').val();\n\t\t\t\t\tvar checkOutDate = jQuery('input[name^=room_checkout_ids]').val();\t\t\t\t\t\n\t\t\t\t\tvar adults = adultsAsString.match(\/\\d+\/g) ? adultsAsString.match(\/\\d+\/g)[0] : 1;\n\t\t\t\t\tvar children = childrenAsString.match(\/\\d+\/g) ? childrenAsString.match(\/\\d+\/g)[0] : 0;\t\t\t\t\t\n\t\t\t\t\t\n\t\t\t\t\t\/\/ Target URL for PynBooking system\n\t\t\t\t\tvar targetURL = 'https:\/\/sennse-boutique-hotel.pynbooking.direct\/?checkin=' + checkInDate + '&checkout=' + checkOutDate + '&adults=' + adults + '&children=' + children;\n\t\t\t\t\tvar link = document.createElement('a');\n\t\t\t\t\tlink.href = targetURL;\n\t\t\t\t\tdocument.body.appendChild(link);\n\t\t\t\t\tlink.click();\n\t\t\t\t}\n\t\t\t\t\n\t\t\t\tvar buffer = null;\n\t\t\t\tfunction onAdultsUpdate() {\t\t\t\t\t\n\t\t\t\t\t\/* var adultsAsString = jQuery('#room_adult_ids').select2('data')[0].text;\n\t\t\t\t\tvar adults = adultsAsString.match(\/\\d+\/g) ? adultsAsString.match(\/\\d+\/g)[0] : 1;\n\t\t\t\t\t\n\t\t\t\t\tif (adults > 1) {\t\t\t\t\t\n\t\t\t\t\t\tbuffer = jQuery('#room_children_ids option')[1];\n\t\t\t\t\t\tjQuery('#room_children_ids option')[1].remove();\n\t\t\t\t\t} else {\t\t\t\t\t\t\n\t\t\t\t\t\tjQuery('#room_children_ids').append(buffer);\n\t\t\t\t\t\tjQuery('#room_children_ids').val(jQuery('#room_children_ids option')[0].value);\n\t\t\t\t\t} *\/\n\t\t\t\t}\n\t\t\t<\/script>\n            <button type=\"button\" onclick=\"getBookingDetails()\" class=\"btn-form1-submit\">R\u00e9servez<\/button>\n        <\/div>\n    <\/form>\n<\/div>\n\t\t\n    \t\t\t\t<\/div>\n\t\t\t\t<\/div>\n\t\t\t\t\t<\/div>\n\t\t\t\t<\/div>\n\t\t\t\t<\/div>\n\t\t","protected":false},"excerpt":{"rendered":"<p>Que faire \u00e0 Sibiu ? L&#8217;ennui n&#8217;a pas sa place. Dans la ville et ses environs, vous trouverez de nombreux endroits o\u00f9 passer un bon moment. Et ce, en plus des centres commerciaux et des cin\u00e9mas. Voici une liste qui vous donnera quelques informations sur la merveilleuse ville de SIBIU. Grande Place Sibiu Le c\u0153ur de la vieille ville avec<\/p>\n","protected":false},"author":2,"featured_media":7419,"parent":0,"menu_order":0,"comment_status":"closed","ping_status":"closed","template":"","meta":{"footnotes":"","_links_to":"","_links_to_target":""},"class_list":["post-5910","page","type-page","status-publish","has-post-thumbnail","hentry"],"yoast_head":"<!-- This site is optimized with the Yoast SEO plugin v25.7 - https:\/\/yoast.com\/wordpress\/plugins\/seo\/ -->\n<title>S&#039;amuser \u00e0 Sibiu - Sennse Boutique Hotel<\/title>\n<meta name=\"robots\" content=\"index, follow, max-snippet:-1, max-image-preview:large, max-video-preview:-1\" \/>\n<link rel=\"canonical\" href=\"https:\/\/sennse-hotel.ro\/fr\/samuser-a-sibiu\/\" \/>\n<meta property=\"og:locale\" content=\"fr_FR\" \/>\n<meta property=\"og:type\" content=\"article\" \/>\n<meta property=\"og:title\" content=\"S&#039;amuser \u00e0 Sibiu - Sennse Boutique Hotel\" \/>\n<meta property=\"og:description\" content=\"Que faire \u00e0 Sibiu ? L&#8217;ennui n&#8217;a pas sa place. Dans la ville et ses environs, vous trouverez de nombreux endroits o\u00f9 passer un bon moment. Et ce, en plus des centres commerciaux et des cin\u00e9mas. Voici une liste qui vous donnera quelques informations sur la merveilleuse ville de SIBIU. Grande Place Sibiu Le c\u0153ur de la vieille ville avec\" \/>\n<meta property=\"og:url\" content=\"https:\/\/sennse-hotel.ro\/fr\/samuser-a-sibiu\/\" \/>\n<meta property=\"og:site_name\" content=\"Sennse Boutique Hotel\" \/>\n<meta property=\"article:modified_time\" content=\"2025-07-02T11:46:55+00:00\" \/>\n<meta property=\"og:image\" content=\"https:\/\/sennse-hotel.ro\/wp-content\/uploads\/2025\/02\/Piata_Mare.jpg\" \/>\n<meta name=\"twitter:card\" content=\"summary_large_image\" \/>\n<meta name=\"twitter:label1\" content=\"Dur\u00e9e de lecture estim\u00e9e\" \/>\n\t<meta name=\"twitter:data1\" content=\"4 minutes\" \/>\n<script type=\"application\/ld+json\" class=\"yoast-schema-graph\">{\"@context\":\"https:\/\/schema.org\",\"@graph\":[{\"@type\":\"WebPage\",\"@id\":\"https:\/\/sennse-hotel.ro\/fr\/samuser-a-sibiu\/\",\"url\":\"https:\/\/sennse-hotel.ro\/fr\/samuser-a-sibiu\/\",\"name\":\"S'amuser \u00e0 Sibiu - Sennse Boutique Hotel\",\"isPartOf\":{\"@id\":\"https:\/\/sennse-hotel.ro\/fr\/#website\"},\"primaryImageOfPage\":{\"@id\":\"https:\/\/sennse-hotel.ro\/fr\/samuser-a-sibiu\/#primaryimage\"},\"image\":{\"@id\":\"https:\/\/sennse-hotel.ro\/fr\/samuser-a-sibiu\/#primaryimage\"},\"thumbnailUrl\":\"https:\/\/sennse-hotel.ro\/wp-content\/uploads\/2025\/08\/weekend-sibiu.png\",\"datePublished\":\"2023-10-21T20:05:12+00:00\",\"dateModified\":\"2025-07-02T11:46:55+00:00\",\"breadcrumb\":{\"@id\":\"https:\/\/sennse-hotel.ro\/fr\/samuser-a-sibiu\/#breadcrumb\"},\"inLanguage\":\"fr-FR\",\"potentialAction\":[{\"@type\":\"ReadAction\",\"target\":[\"https:\/\/sennse-hotel.ro\/fr\/samuser-a-sibiu\/\"]}]},{\"@type\":\"ImageObject\",\"inLanguage\":\"fr-FR\",\"@id\":\"https:\/\/sennse-hotel.ro\/fr\/samuser-a-sibiu\/#primaryimage\",\"url\":\"https:\/\/sennse-hotel.ro\/wp-content\/uploads\/2025\/08\/weekend-sibiu.png\",\"contentUrl\":\"https:\/\/sennse-hotel.ro\/wp-content\/uploads\/2025\/08\/weekend-sibiu.png\",\"width\":1024,\"height\":576,\"caption\":\"weekend sibiu\"},{\"@type\":\"BreadcrumbList\",\"@id\":\"https:\/\/sennse-hotel.ro\/fr\/samuser-a-sibiu\/#breadcrumb\",\"itemListElement\":[{\"@type\":\"ListItem\",\"position\":1,\"name\":\"Home\",\"item\":\"https:\/\/sennse-hotel.ro\/fr\/\"},{\"@type\":\"ListItem\",\"position\":2,\"name\":\"S&#8217;amuser \u00e0 Sibiu\"}]},{\"@type\":\"WebSite\",\"@id\":\"https:\/\/sennse-hotel.ro\/fr\/#website\",\"url\":\"https:\/\/sennse-hotel.ro\/fr\/\",\"name\":\"Sennse Boutique Hotel\",\"description\":\"\",\"potentialAction\":[{\"@type\":\"SearchAction\",\"target\":{\"@type\":\"EntryPoint\",\"urlTemplate\":\"https:\/\/sennse-hotel.ro\/fr\/?s={search_term_string}\"},\"query-input\":{\"@type\":\"PropertyValueSpecification\",\"valueRequired\":true,\"valueName\":\"search_term_string\"}}],\"inLanguage\":\"fr-FR\"}]}<\/script>\n<!-- \/ Yoast SEO plugin. -->","yoast_head_json":{"title":"S'amuser \u00e0 Sibiu - Sennse Boutique Hotel","robots":{"index":"index","follow":"follow","max-snippet":"max-snippet:-1","max-image-preview":"max-image-preview:large","max-video-preview":"max-video-preview:-1"},"canonical":"https:\/\/sennse-hotel.ro\/fr\/samuser-a-sibiu\/","og_locale":"fr_FR","og_type":"article","og_title":"S'amuser \u00e0 Sibiu - Sennse Boutique Hotel","og_description":"Que faire \u00e0 Sibiu ? L&#8217;ennui n&#8217;a pas sa place. Dans la ville et ses environs, vous trouverez de nombreux endroits o\u00f9 passer un bon moment. Et ce, en plus des centres commerciaux et des cin\u00e9mas. Voici une liste qui vous donnera quelques informations sur la merveilleuse ville de SIBIU. Grande Place Sibiu Le c\u0153ur de la vieille ville avec","og_url":"https:\/\/sennse-hotel.ro\/fr\/samuser-a-sibiu\/","og_site_name":"Sennse Boutique Hotel","article_modified_time":"2025-07-02T11:46:55+00:00","og_image":[{"url":"https:\/\/sennse-hotel.ro\/wp-content\/uploads\/2025\/02\/Piata_Mare.jpg","type":"","width":"","height":""}],"twitter_card":"summary_large_image","twitter_misc":{"Dur\u00e9e de lecture estim\u00e9e":"4 minutes"},"schema":{"@context":"https:\/\/schema.org","@graph":[{"@type":"WebPage","@id":"https:\/\/sennse-hotel.ro\/fr\/samuser-a-sibiu\/","url":"https:\/\/sennse-hotel.ro\/fr\/samuser-a-sibiu\/","name":"S'amuser \u00e0 Sibiu - Sennse Boutique Hotel","isPartOf":{"@id":"https:\/\/sennse-hotel.ro\/fr\/#website"},"primaryImageOfPage":{"@id":"https:\/\/sennse-hotel.ro\/fr\/samuser-a-sibiu\/#primaryimage"},"image":{"@id":"https:\/\/sennse-hotel.ro\/fr\/samuser-a-sibiu\/#primaryimage"},"thumbnailUrl":"https:\/\/sennse-hotel.ro\/wp-content\/uploads\/2025\/08\/weekend-sibiu.png","datePublished":"2023-10-21T20:05:12+00:00","dateModified":"2025-07-02T11:46:55+00:00","breadcrumb":{"@id":"https:\/\/sennse-hotel.ro\/fr\/samuser-a-sibiu\/#breadcrumb"},"inLanguage":"fr-FR","potentialAction":[{"@type":"ReadAction","target":["https:\/\/sennse-hotel.ro\/fr\/samuser-a-sibiu\/"]}]},{"@type":"ImageObject","inLanguage":"fr-FR","@id":"https:\/\/sennse-hotel.ro\/fr\/samuser-a-sibiu\/#primaryimage","url":"https:\/\/sennse-hotel.ro\/wp-content\/uploads\/2025\/08\/weekend-sibiu.png","contentUrl":"https:\/\/sennse-hotel.ro\/wp-content\/uploads\/2025\/08\/weekend-sibiu.png","width":1024,"height":576,"caption":"weekend sibiu"},{"@type":"BreadcrumbList","@id":"https:\/\/sennse-hotel.ro\/fr\/samuser-a-sibiu\/#breadcrumb","itemListElement":[{"@type":"ListItem","position":1,"name":"Home","item":"https:\/\/sennse-hotel.ro\/fr\/"},{"@type":"ListItem","position":2,"name":"S&#8217;amuser \u00e0 Sibiu"}]},{"@type":"WebSite","@id":"https:\/\/sennse-hotel.ro\/fr\/#website","url":"https:\/\/sennse-hotel.ro\/fr\/","name":"Sennse Boutique Hotel","description":"","potentialAction":[{"@type":"SearchAction","target":{"@type":"EntryPoint","urlTemplate":"https:\/\/sennse-hotel.ro\/fr\/?s={search_term_string}"},"query-input":{"@type":"PropertyValueSpecification","valueRequired":true,"valueName":"search_term_string"}}],"inLanguage":"fr-FR"}]}},"_links":{"self":[{"href":"https:\/\/sennse-hotel.ro\/fr\/wp-json\/wp\/v2\/pages\/5910","targetHints":{"allow":["GET"]}}],"collection":[{"href":"https:\/\/sennse-hotel.ro\/fr\/wp-json\/wp\/v2\/pages"}],"about":[{"href":"https:\/\/sennse-hotel.ro\/fr\/wp-json\/wp\/v2\/types\/page"}],"author":[{"embeddable":true,"href":"https:\/\/sennse-hotel.ro\/fr\/wp-json\/wp\/v2\/users\/2"}],"replies":[{"embeddable":true,"href":"https:\/\/sennse-hotel.ro\/fr\/wp-json\/wp\/v2\/comments?post=5910"}],"version-history":[{"count":3,"href":"https:\/\/sennse-hotel.ro\/fr\/wp-json\/wp\/v2\/pages\/5910\/revisions"}],"predecessor-version":[{"id":6988,"href":"https:\/\/sennse-hotel.ro\/fr\/wp-json\/wp\/v2\/pages\/5910\/revisions\/6988"}],"wp:featuredmedia":[{"embeddable":true,"href":"https:\/\/sennse-hotel.ro\/fr\/wp-json\/wp\/v2\/media\/7419"}],"wp:attachment":[{"href":"https:\/\/sennse-hotel.ro\/fr\/wp-json\/wp\/v2\/media?parent=5910"}],"curies":[{"name":"wp","href":"https:\/\/api.w.org\/{rel}","templated":true}]}}